{"id":11557,"date":"2021-11-22T16:25:24","date_gmt":"2021-11-22T16:25:24","guid":{"rendered":"https:\/\/ssvp.ca\/publications\/jumelage-avec-haiti-mise-jour-23-octobre-2019\/"},"modified":"2021-11-22T16:25:24","modified_gmt":"2021-11-22T16:25:24","slug":"jumelage-avec-haiti-mise-jour-23-octobre-2019","status":"publish","type":"publications","link":"https:\/\/ssvp.ca\/fr\/publications\/jumelage-avec-haiti-mise-jour-23-octobre-2019\/","title":{"rendered":"JUMELAGE AVEC HAITI &#8211; MISE \u00c0 JOUR &#8211; 23 octobre 2019"},"content":{"rendered":"<p>Ch\u00e8res vincentiennes, chers vincentiens<\/p>\n<p>Le Conseil national du Canada a repris l\u2019envoi de fonds au Conseil national d\u2019Ha\u00efti. Un transfert interbancaire fut effectu\u00e9 le 25 septembre 2019. Nos coll\u00e8gues vincentiens d\u2019Ha\u00efti ont confirm\u00e9 la r\u00e9ception des fonds. Cependant, ne peuvent distribuer les contributions aux conseils et conf\u00e9rences r\u00e9cipiendaires en ce moment, \u00e0 cause de la situation volatile partout au pays.<\/p>\n<p>Nous gardons le contact avec le Conseil national d\u2019Ha\u00efti et vous serez inform\u00e9s par Nicole Schryburt, adjointe administrative jumelage, d\u00e8s que nous auront la confirmation que les fonds ont \u00e9t\u00e9 distribu\u00e9s.<\/p>\n<p>Depuis le mois d\u2019ao\u00fbt, des manifestations de rue, souvent violentes, ont lieu chaque semaine dans les grandes villes du pays dont l\u2019objectif est la d\u00e9mission\/destitution du Pr\u00e9sident Jovenel Mo\u00efse. Le gouvernement est paralys\u00e9 et l\u2019ins\u00e9curit\u00e9 r\u00e8gne. Les \u00e9coles sont ferm\u00e9es.<\/p>\n<p>Merci de votre patience et de vos pri\u00e8res en cette p\u00e9riode difficile pour Ha\u00efti; les gens en situation de grande pauvret\u00e9 sont les plus touch\u00e9s par ces troubles.<\/p>\n<p><em>Clermont Fortin,\u00a0pr\u00e9sident<br \/>\nComit\u00e9 national de jumelage<\/em><br \/>\n<a href=\"mailto:responsable-jumelage@ssvp.ca\">responsable-jumelage@ssvp.ca<\/a><\/p>\n","protected":false},"excerpt":{"rendered":"<p>Ch\u00e8res vincentiennes, chers vincentiens Le Conseil national du Canada a repris l\u2019envoi de fonds au Conseil national d\u2019Ha\u00efti. Un transfert interbancaire fut effectu\u00e9 le 25 septembre 2019. Nos coll\u00e8gues vincentiens d\u2019Ha\u00efti ont confirm\u00e9 la r\u00e9ception des fonds. Cependant, ne peuvent distribuer les contributions aux conseils et conf\u00e9rences r\u00e9cipiendaires en ce moment, \u00e0 cause de la [&hellip;]<\/p>\n","protected":false},"featured_media":0,"template":"","publication-category":[69],"class_list":["post-11557","publications","type-publications","status-publish","hentry","publication-category-infolettres-jumelage"],"acf":[],"_links":{"self":[{"href":"https:\/\/ssvp.ca\/fr\/wp-json\/wp\/v2\/publications\/11557","targetHints":{"allow":["GET"]}}],"collection":[{"href":"https:\/\/ssvp.ca\/fr\/wp-json\/wp\/v2\/publications"}],"about":[{"href":"https:\/\/ssvp.ca\/fr\/wp-json\/wp\/v2\/types\/publications"}],"wp:attachment":[{"href":"https:\/\/ssvp.ca\/fr\/wp-json\/wp\/v2\/media?parent=11557"}],"wp:term":[{"taxonomy":"publication-category","embeddable":true,"href":"https:\/\/ssvp.ca\/fr\/wp-json\/wp\/v2\/publication-category?post=11557"}],"curies":[{"name":"wp","href":"https:\/\/api.w.org\/{rel}","templated":true}]}}