{"id":11396,"date":"2021-11-19T17:04:12","date_gmt":"2021-11-19T17:04:12","guid":{"rendered":"https:\/\/ssvp.ca\/publications\/vincentien-honore\/"},"modified":"2021-11-19T17:04:12","modified_gmt":"2021-11-19T17:04:12","slug":"vincentien-honore","status":"publish","type":"publications","link":"https:\/\/ssvp.ca\/fr\/publications\/vincentien-honore\/","title":{"rendered":"Vincentien honor\u00e9"},"content":{"rendered":"<p>F\u00e9licitations \u00e0 Jean-No\u00ebl Cormier qui a re\u00e7u la M\u00e9daille du souverain pour les b\u00e9n\u00e9voles. La passion, le d\u00e9vouement et l\u2019engagement communautaire animent les r\u00e9cipiendaires de la M\u00e9daille du souverain pour les b\u00e9n\u00e9voles. La M\u00e9daille reconna\u00eet les r\u00e9alisations b\u00e9n\u00e9voles exceptionnelles de Canadiennes et de Canadiens de partout au pays, dans un large \u00e9ventail de domaines. Elle rend hommage au d\u00e9vouement et \u00e0 l\u2019engagement des b\u00e9n\u00e9voles qui incarnent la nation bienveillante que nous souhaitons b\u00e2tir. Vincentien depuis 2000, Jean-No\u00ebl s&#8217;emploie \u00e0 aider les moins fortun\u00e9s au Canada et \u00e0 l&rsquo;\u00e9tranger. II a \u00e9t\u00e9 l&rsquo;une des \u00e2mes dirigeantes de l&rsquo;initiative Au Nord du 60e de la Soci\u00e9t\u00e9, qui vise \u00e0 favoriser !&rsquo;\u00e9volution du Nord, en une soci\u00e9t\u00e9 toujours plus \u00e9quitable et ax\u00e9e sur les gens. Jean-No\u00ebl a \u00e9t\u00e9 pr\u00e9sident de la Conf\u00e9rence Saint-Joseph d&rsquo;Orl\u00e9ans, pr\u00e9sident du Conseil central d&rsquo;Ottawa et pr\u00e9sident du Conseil national du Canada de 2013 \u00e0 2019. Jean-No\u00ebl si\u00e8ge actuellement au conseil d&rsquo;administration de la SSVP Conseil G\u00e9n\u00e9ral International, en tant que pr\u00e9sident du Concordat. Il est \u00e9galement coordinateur de la formation SSVP pour Am\u00e9rique 1 (Canada, \u00c9tats-Unis et pays anglophones des Cara\u00efbes).<\/p>\n","protected":false},"excerpt":{"rendered":"<p>F\u00e9licitations \u00e0 Jean-No\u00ebl Cormier qui a re\u00e7u la M\u00e9daille du souverain pour les b\u00e9n\u00e9voles. La passion, le d\u00e9vouement et l\u2019engagement communautaire animent les r\u00e9cipiendaires de la M\u00e9daille du souverain pour les b\u00e9n\u00e9voles. La M\u00e9daille reconna\u00eet les r\u00e9alisations b\u00e9n\u00e9voles exceptionnelles de Canadiennes et de Canadiens de partout au pays, dans un large \u00e9ventail de domaines. Elle [&hellip;]<\/p>\n","protected":false},"featured_media":0,"template":"","publication-category":[67],"class_list":["post-11396","publications","type-publications","status-publish","hentry","publication-category-nouvelles"],"acf":[],"_links":{"self":[{"href":"https:\/\/ssvp.ca\/fr\/wp-json\/wp\/v2\/publications\/11396","targetHints":{"allow":["GET"]}}],"collection":[{"href":"https:\/\/ssvp.ca\/fr\/wp-json\/wp\/v2\/publications"}],"about":[{"href":"https:\/\/ssvp.ca\/fr\/wp-json\/wp\/v2\/types\/publications"}],"wp:attachment":[{"href":"https:\/\/ssvp.ca\/fr\/wp-json\/wp\/v2\/media?parent=11396"}],"wp:term":[{"taxonomy":"publication-category","embeddable":true,"href":"https:\/\/ssvp.ca\/fr\/wp-json\/wp\/v2\/publication-category?post=11396"}],"curies":[{"name":"wp","href":"https:\/\/api.w.org\/{rel}","templated":true}]}}