{"id":11203,"date":"2021-11-19T14:36:41","date_gmt":"2021-11-19T14:36:41","guid":{"rendered":"https:\/\/ssvp.ca\/publications\/la-pauvrete-t-elle-une-fin-debut-dun-voyage-vers\/"},"modified":"2021-11-19T14:36:41","modified_gmt":"2021-11-19T14:36:41","slug":"la-pauvrete-t-elle-une-fin-debut-dun-voyage-vers","status":"publish","type":"publications","link":"https:\/\/ssvp.ca\/fr\/publications\/la-pauvrete-t-elle-une-fin-debut-dun-voyage-vers\/","title":{"rendered":"LA PAUVRET\u00c9 A-T-ELLE UNE FIN ? D\u00c9BUT D\u2019UN VOYAGE VERS L\u2019OUEST"},"content":{"rendered":"<p>15 avril, 12\u00a0:50, le train quitte la gare de Montr\u00e9al en partance pour Ottawa. Dehors une journ\u00e9e splendide pour marquer ce nouveau d\u00e9part. Pierre Hubert pr\u00e9sident du Conseil central d\u2019Ottawa sera l\u00e0 pour m\u2019accueillir, comme le seront d\u2019autres b\u00e9n\u00e9voles tout au long du parcours. La g\u00e9n\u00e9rosit\u00e9 de temps et de c\u0153ur brille avec ardeur au firmament vincentien. \u00c0 Ottawa des membres de SSVP Ontario r\u00e9unis en assembl\u00e9e printani\u00e8re reverront leurs objectifs, r\u00e9fl\u00e9chiront ensemble tentant de pr\u00e9voir l\u2019avenir. La pauvret\u00e9 est le dernier mot que l\u2019on pourrait associer \u00e0 l\u2019avenir et pourtant. Depuis le d\u00e9but de ce voyage, du projet \u00ab\u00a0En route avec l\u2019histoire\u00a0\u00bb lequel s\u2019est amorc\u00e9 en Atlantique, je commence \u00e0 croire qu\u2019il y a un lien pauvret\u00e9-avenir et que tout n\u2019est pas d\u00e9sesp\u00e9rant. Peut-\u00eatre qu\u2019\u00e0 force de courage et de bont\u00e9 on peut arriver \u00e0 faire face au ph\u00e9nom\u00e8ne \u00e0 ce que je qualifierais de fl\u00e9au non pas pour l\u2019enrayer, mais pour le rendre plus supportable. C\u2019est d\u00e9j\u00e0 \u00e9norme. C\u2019est ce qu\u2019on trouve \u00e0 la Soci\u00e9t\u00e9 de Saint-Vincent de Paul, un souffle d\u2019esp\u00e9rance.<\/p>\n<p>Quand je parle \u00e0 des amis, des gens que je rencontre et que je dis que je me prom\u00e8ne \u00e0 la recherche d\u2019histoires pour raconter la grande, celle de la \u2018St Vincent de Paul\u2018 au Canada, j\u2019ai droit \u00e0 des regards d\u2019\u00e9tonnement\u00a0: \u00ab\u00a0nous qui pensions que ce que les b\u00e9n\u00e9voles faisaient se r\u00e9sumait \u00e0 donner du linge usag\u00e9 \u00e0 partir de sous-sol d\u2019\u00c9glise\u00a0\u00bb. Je prends toujours un certain plaisir \u00e0 leur r\u00e9pondre: \u00ab\u00a0vous \u00eates peu inform\u00e9s, il y a pr\u00e8s de 15 000 membres qui partout au pays ou presque s\u2019affairent \u00e0 rendre notre collectivit\u00e9 un tant soit peu meilleure en redonnant la fiert\u00e9 \u00e0 ceux qui n\u2019y croient plus\u00a0; cela d\u00e9passe et de loin la tombola des ann\u00e9es 70\u00a0!\u00a0\u00bb Visages stup\u00e9faits\u00a0! Les sceptiques seront confondus et j\u2019esp\u00e8re, les premiers \u00e0 vouloir se procurer le livre\u00a0!<\/p>\n<p>Dans la\u00a0R\u00e8gle\u00a0(livre qui r\u00e9git les faits et gestes des membres de la Soci\u00e9t\u00e9) il est dit que le Vincentien ne se restreindra pas \u00e0 l\u2019aide alimentaire ou dons de v\u00eatements, l\u2019important \u00e9tant la rencontre, la connexion avec celui qui a besoin. Ensuite les services se multiplieront.<\/p>\n<p>Les visites \u00e0 domicile demeurent le fer de lance de cet organisme n\u00e9 dans la ville de Qu\u00e9bec en 1846. Que ce soit pour parler avec la personne anxieuse de son \u00e9tat ou encore, lui apporter la nourriture qu\u2019il n\u2019a pas, discuter de possibilit\u00e9s de ressources qui pourraient lui aider, lors de ces visites, on ne m\u00e9nage pas son temps. Dans ce monde press\u00e9 o\u00f9 tout le monde court apr\u00e8s le temps, le Vincentien lui, semble le cultiver comme dans un grand jardin o\u00f9 plus tu r\u00e9coltes plus il en pousse. Le temps n\u2019a pas d\u2019emprise sur l\u2019engagement lequel triomphe toujours.<\/p>\n<p>Aujourd\u2019hui je pars \u00e0 la rencontre de Vincentiens, d\u2019Ottawa \u00e0 Victoria. Je suis \u00e0 plat ventre d\u2019admiration devant tant de bont\u00e9, de d\u00e9ploiement de moyens pour soulager la pauvret\u00e9. J\u2019ai h\u00e2te de les rencontrer.<\/p>\n<p>La pauvret\u00e9 aura-t-elle une fin\u00a0? Sans doute pas, mais \u00e0 voir, regarder et \u00e9couter ces b\u00e9n\u00e9voles ont pourrait presqu\u2019y croire. Ils sont l\u00e0 o\u00f9 \u00e7a compte\u00a0: sur le terrain. L\u00e0 o\u00f9 le train m\u2019am\u00e8ne.<\/p>\n<p>13\u00a0:45 pause peanuts et \u00e9criture\u00a0!<\/p>\n<p>Louise Larivi\u00e8re<br \/>\n<a href=\"http:\/\/louise-lariviere.com\/\" target=\"_blank\" rel=\"noopener\">www.louise-lariviere.com<\/a><\/p>\n","protected":false},"excerpt":{"rendered":"<p>15 avril, 12\u00a0:50, le train quitte la gare de Montr\u00e9al en partance pour Ottawa. Dehors une journ\u00e9e splendide pour marquer ce nouveau d\u00e9part. Pierre Hubert pr\u00e9sident du Conseil central d\u2019Ottawa sera l\u00e0 pour m\u2019accueillir, comme le seront d\u2019autres b\u00e9n\u00e9voles tout au long du parcours. La g\u00e9n\u00e9rosit\u00e9 de temps et de c\u0153ur brille avec ardeur au [&hellip;]<\/p>\n","protected":false},"featured_media":0,"template":"","publication-category":[67],"class_list":["post-11203","publications","type-publications","status-publish","hentry","publication-category-nouvelles"],"acf":[],"_links":{"self":[{"href":"https:\/\/ssvp.ca\/fr\/wp-json\/wp\/v2\/publications\/11203","targetHints":{"allow":["GET"]}}],"collection":[{"href":"https:\/\/ssvp.ca\/fr\/wp-json\/wp\/v2\/publications"}],"about":[{"href":"https:\/\/ssvp.ca\/fr\/wp-json\/wp\/v2\/types\/publications"}],"wp:attachment":[{"href":"https:\/\/ssvp.ca\/fr\/wp-json\/wp\/v2\/media?parent=11203"}],"wp:term":[{"taxonomy":"publication-category","embeddable":true,"href":"https:\/\/ssvp.ca\/fr\/wp-json\/wp\/v2\/publication-category?post=11203"}],"curies":[{"name":"wp","href":"https:\/\/api.w.org\/{rel}","templated":true}]}}