{"id":11195,"date":"2021-11-19T13:45:08","date_gmt":"2021-11-19T13:45:08","guid":{"rendered":"https:\/\/ssvp.ca\/publications\/les-temps-changent-mars-2019\/"},"modified":"2021-11-19T13:45:08","modified_gmt":"2021-11-19T13:45:08","slug":"les-temps-changent-mars-2019","status":"publish","type":"publications","link":"https:\/\/ssvp.ca\/fr\/publications\/les-temps-changent-mars-2019\/","title":{"rendered":"Les Temps Changent &#8211; Mars 2019"},"content":{"rendered":"<p align=\"center\"><strong>LA CHARIT\u00c9 N\u2019EST PAS SUFFISANTE<\/strong><br \/>\ndisait Fr\u00e9d\u00e9ric Ozanam au 19<sup>e<\/sup>\u00a0si\u00e8cle<\/p>\n<p>La justice sociale au Qu\u00e9bec existe sous bien des formes, dans les gouvernements, \u00e0 la SSVP et dans plusieurs organismes communautaires\u2026 Oui, la S\u00e9curit\u00e9 sociale est une forme de justice sociale, mais est-ce suffisant sachant que \u00ab 35 % des m\u00e9nages d\u00e9pensent plus de \u202830 % de leur revenu brut pour le loyer et que 50 % d\u2019entre eux paient plus de 50\u00a0% de la moiti\u00e9 de leur revenu brut \u00bb?<a id=\"_ftnref\" title=\"\" href=\"https:\/\/legacy.ssvp.ca\/fr\/newsletters\/social-justice\/les-temps-changent-mars-2019#_ftn2\" name=\"_ftnref\"><sup>[2]<\/sup><\/a>\u00a0Fr\u00e9d\u00e9ric disait en 1840 \u00ab La charit\u00e9 n\u2019est pas suffisante\u2026\u00a0\u00bb. Il faut ajouter \u00e0 nos actions vincentiennes une conscience sociale plus vaste de la Justice sociale. Notre mission vincentienne se veut aidante \u00ab de toutes les fa\u00e7ons possibles\u00a0\u00bb<a id=\"_ftnref\" title=\"\" href=\"https:\/\/legacy.ssvp.ca\/fr\/newsletters\/social-justice\/les-temps-changent-mars-2019#_ftn3\" name=\"_ftnref\"><sup>[3]<\/sup><\/a>.<\/p>\n<p>L\u2019\u00c9glise a cette mission. Depuis 1891, avec une premi\u00e8re encyclique sur la Justice sociale et trois suivantes, Jean-Paul II a fait \u00e9mettre, en 2004, \u00ab La pens\u00e9e sociale de l\u2019\u00e9glise\u00a0\u00bb qui fait la synth\u00e8se des encycliques pr\u00e9c\u00e9dentes.<\/p>\n<p>Le comit\u00e9 national de justice sociale sur la base des principes<a id=\"_ftnref\" title=\"\" href=\"https:\/\/legacy.ssvp.ca\/fr\/newsletters\/social-justice\/les-temps-changent-mars-2019#_ftn4\" name=\"_ftnref\"><sup>[4]<\/sup><\/a>\u00a0de la pens\u00e9e sociale de l\u2019\u00c9glise, ajoute une nouvelle orientation vincentienne. Elle veut cr\u00e9er un r\u00e9seau avec les conf\u00e9rences et les conseils particuliers\u00a0: un repr\u00e9sentant par conf\u00e9rence et la cr\u00e9ation d\u2019un Comit\u00e9 de Justice sociale (CJS) dans chaque CP. Une forme de r\u00e9volution au sein de la SSVP, car elle favorise une plus grande conscientisation des probl\u00e9matiques sociales et des actions cons\u00e9quentes pour y apporter une r\u00e9ponse chr\u00e9tienne.<\/p>\n<p>Cela implique un engagement social qui d\u00e9passe nos fronti\u00e8res vincentiennes et nous pousse \u00e0 aller rejoindre d\u2019autres organismes afin d\u2019identifier les causes de la pauvret\u00e9 et les probl\u00e8mes correspondants. Cela n\u00e9cessite de la mobilisation et peut provoquer du recrutement gr\u00e2ce \u00e0 cette nouvelle orientation. Il sera n\u00e9cessaire \u00e9galement de favoriser la Prise de position aupr\u00e8s des instances gouvernementales, une autre nouveaut\u00e9.<\/p>\n<p>Plusieurs programmes sont disponibles, mais ne sont pas n\u00e9cessairement connus des b\u00e9n\u00e9ficiaires, nous pouvons les aider \u00e0 y acc\u00e9der en les accompagnant dans leurs d\u00e9marches. Par exemple, en \u00e9ducation il y a l\u2019IQEE<a id=\"_ftnref\" title=\"\" href=\"https:\/\/legacy.ssvp.ca\/fr\/newsletters\/social-justice\/les-temps-changent-mars-2019#_ftn5\" name=\"_ftnref\"><sup>[5]<\/sup><\/a>\u00a0au Qu\u00e9bec et le REEE<a id=\"_ftnref\" title=\"\" href=\"https:\/\/legacy.ssvp.ca\/fr\/newsletters\/social-justice\/les-temps-changent-mars-2019#_ftn6\" name=\"_ftnref\"><sup>[6]<\/sup><\/a>\u00a0au Canada. La connaissance de ces programmes peut faire une grande diff\u00e9rence.<\/p>\n<p>Le comit\u00e9 national de Justice sociale nous propose de nous impliquer, de nous accompagner dans nos d\u00e9marches et promouvoir ce r\u00e9seau dans des actions concr\u00e8tes. D\u2019ici peu, il proposera via le Conseil d\u2019administration du national, une \u00ab Campagne d\u2019action nationale \u00bb sur un th\u00e8me d\u2019envergure et applicable dans nos r\u00e9gions. La d\u00e9cision pour le choix du th\u00e8me se fera \u00e0 l\u2019AGA du mois de juin 2019, \u00e0 Windsor. Ce sera un \u00ab Beau projet \u00bb et un \u00ab Grand d\u00e9fi \u00bb, mais nous ne sommes pas les seuls et je parie qu\u2019il sera question du logement social.<\/p>\n<p>Voici un exemple de collaboration qui permettra d\u2019agrandir notre r\u00e9seau. L\u2019archev\u00each\u00e9 de Montr\u00e9al a un Service de justice sociale du nom de l\u2019\u00ab\u00a0Office de la pastorale sociale\u00a0\u00bb et cela depuis plus de 20 ans. Mme Louise Royer en assure maintenant la direction et est entour\u00e9e de 7 agents de pastorale sociale qui travaillent dans plusieurs quartiers de Montr\u00e9al, dont un \u00e0 Laval. Un des r\u00f4les de ce service est de \u00ab\u00a0Sensibiliser les baptis\u00e9s \u00e0 la dimension sociale de la foi et de mobiliser le Peuple de Dieu autour de projets structurants qui refl\u00e8tent les principes de la pens\u00e9e sociale de l\u2019\u00c9glise\u2026 \u00bb<a id=\"_ftnref\" title=\"\" href=\"https:\/\/legacy.ssvp.ca\/fr\/newsletters\/social-justice\/les-temps-changent-mars-2019#_ftn7\" name=\"_ftnref\"><sup>[7]<\/sup><\/a>. C\u2019est pr\u00e9cis\u00e9ment ce que propose le Comit\u00e9 de justice sociale de la SSVP.<\/p>\n<p>Une rencontre avec Mme Royer nous a permis d\u2019entreprendre une collaboration entre nos conf\u00e9rences et son \u00e9quipe afin de cr\u00e9er des liens. Ce qui nous am\u00e8nera \u00e0 mettre nos comp\u00e9tences r\u00e9ciproques aux profits des b\u00e9n\u00e9ficiaires et du bien-\u00eatre de la soci\u00e9t\u00e9. Une collaboration prometteuse, qui d\u00e9j\u00e0 allume une fra\u00eecheur, un vent d\u2019espoir. Cr\u00e9er des ponts entre les organismes chr\u00e9tiens ou non, permettra de mieux r\u00e9pondre aux besoins existants et accompagnera notre d\u00e9marche chr\u00e9tienne. Cette collaboration est pr\u00e9cieuse et une invitation \u00e0 tous et chacun.<\/p>\n<p>Voici un sch\u00e9ma de cette collaboration, bonne r\u00e9flexion.<\/p>\n<p><img decoding=\"async\" src=\"https:\/\/ssvp.ca\/wp-content\/uploads\/2021\/11\/sj-mars-graph-f.png\" \/><\/p>\n<p><em>Claude Lafl\u00e8che, comit\u00e9 de justice sociale<\/em><br \/>\n<em>Conseil r\u00e9gional du Qu\u00e9bec<\/em><\/p>\n<div>\n<hr align=\"left\" size=\"1\" width=\"33%\" \/>\n<div id=\"ftn\">\n<p>[1]\u00a0\u00ab Il y a 13 diff\u00e9rents r\u00e9gimes de bien-\u00eatre social au Canada, un dans chaque province et territoire\u00a0\u00bb<\/p>\n<\/div>\n<div id=\"ftn\">\n<p>[2]\u00a0Le FRAPRU Le Front d\u2019action populaire en r\u00e9am\u00e9nagement urbain<\/p>\n<\/div>\n<div id=\"ftn\">\n<p>[3]\u00a0La mission de la SSVP de la R\u00e8gle<\/p>\n<\/div>\n<div id=\"ftn\">\n<p>[4]\u00a0Guide a\u0300 l\u2019intention des comit\u00e9s de justice sociale de conseil central ou particulier<\/p>\n<\/div>\n<div id=\"ftn\">\n<p>[5]\u00a0L\u2019incitatif qu\u00e9b\u00e9cois \u00e0 l\u2019\u00e9pargne-\u00e9tude<\/p>\n<\/div>\n<div id=\"ftn\">\n<p>[6]\u00a0R\u00e9gime enregistr\u00e9 d\u2019\u00e9pargne-\u00e9tudes, pour le Canada<\/p>\n<\/div>\n<div id=\"ftn\">\n<p>[7]\u00a0<a href=\"https:\/\/diocesemontreal.org\/fr\/archidiocese\/offices-et-services\/pastorale-sociale\">https:\/\/diocesemontreal.org\/fr\/archidiocese\/offices-et-services\/pastoral&#8230;<\/a><\/p>\n<p>&nbsp;<br \/>\n<a href=\"https:\/\/ssvp.ca\/wp-content\/uploads\/2021\/11\/sj-mars-f.pdf\" target=\"_blank\" rel=\"noopener\"><img decoding=\"async\" class=\"alignnone size-full wp-image-8537\" src=\"https:\/\/ssvp.ca\/wp-content\/uploads\/2021\/11\/pdf-b.png\" alt=\"\" width=\"77\" height=\"100\" \/>Les-Temps-Changent-Mars-2019<\/a><\/p>\n<\/div>\n<\/div>\n","protected":false},"excerpt":{"rendered":"<p>LA CHARIT\u00c9 N\u2019EST PAS SUFFISANTE disait Fr\u00e9d\u00e9ric Ozanam au 19e\u00a0si\u00e8cle La justice sociale au Qu\u00e9bec existe sous bien des formes, dans les gouvernements, \u00e0 la SSVP et dans plusieurs organismes communautaires\u2026 Oui, la S\u00e9curit\u00e9 sociale est une forme de justice sociale, mais est-ce suffisant sachant que \u00ab 35 % des m\u00e9nages d\u00e9pensent plus de \u202830 [&hellip;]<\/p>\n","protected":false},"featured_media":0,"template":"","publication-category":[68],"class_list":["post-11195","publications","type-publications","status-publish","hentry","publication-category-justice-sociale-infolettres"],"acf":[],"_links":{"self":[{"href":"https:\/\/ssvp.ca\/fr\/wp-json\/wp\/v2\/publications\/11195","targetHints":{"allow":["GET"]}}],"collection":[{"href":"https:\/\/ssvp.ca\/fr\/wp-json\/wp\/v2\/publications"}],"about":[{"href":"https:\/\/ssvp.ca\/fr\/wp-json\/wp\/v2\/types\/publications"}],"wp:attachment":[{"href":"https:\/\/ssvp.ca\/fr\/wp-json\/wp\/v2\/media?parent=11195"}],"wp:term":[{"taxonomy":"publication-category","embeddable":true,"href":"https:\/\/ssvp.ca\/fr\/wp-json\/wp\/v2\/publication-category?post=11195"}],"curies":[{"name":"wp","href":"https:\/\/api.w.org\/{rel}","templated":true}]}}