{"id":11079,"date":"2021-11-17T16:56:11","date_gmt":"2021-11-17T16:56:11","guid":{"rendered":"https:\/\/ssvp.ca\/publications\/reflexion-spirituelle-novembre\/"},"modified":"2021-11-17T16:56:11","modified_gmt":"2021-11-17T16:56:11","slug":"reflexion-spirituelle-novembre","status":"publish","type":"publications","link":"https:\/\/ssvp.ca\/fr\/publications\/reflexion-spirituelle-novembre\/","title":{"rendered":"R\u00e9flexion spirituelle  &#8211;  Novembre"},"content":{"rendered":"<p align=\"center\"><strong>Procession d\u2019entr\u00e9e<\/strong><\/p>\n<p>Vous \u00eates-vous d\u00e9j\u00e0 demand\u00e9 o\u00f9 d\u00e9bute la procession d\u2019entr\u00e9e dans l\u2019\u00e9glise ? La procession veut refl\u00e9ter l\u2019entr\u00e9e de J\u00e9sus dans J\u00e9rusalem ou encore notre cheminement dans la vie, \u00e0 mesure que nous avan\u00e7ons sur cette terre en direction de la vie \u00e9ternelle. Comme la plupart d\u2019entre nous, vous avez appris que la procession d\u00e9bute au moment o\u00f9 le porteur de la croix, les lecteurs, les servants, le diacre qui porte le livre de l\u2019\u00c9vangile et le pr\u00eatre c\u00e9l\u00e9brant p\u00e9n\u00e8trent dans la nef. La procession d\u2019entr\u00e9e d\u00e9buterait alors dans le vestibule ou est-ce que je me trompe ?<\/p>\n<p>Pourquoi ne commencerions-nous pas un peu avant ? Est-ce qu\u2019elle ne pourrait pas commencer dans le stationnement, l\u00e0 o\u00f9 les paroissiens commencent \u00e0 s\u2019acheminer vers l\u2019\u00e9glise ? Nous arrivons tous \u00e0 cet endroit dans un m\u00eame but et vraisemblablement dans le m\u00eame \u00e9tat d\u2019esprit, pr\u00eats \u00e0 adorer notre Dieu. Et pourquoi ne pas reculer encore un peu plus et nous rendre dans la rue, l\u00e0 o\u00f9 convergent les voitures et les gens \u00e0 pied qui se rendent \u00e0 l\u2019\u00e9glise ? Nous semblons avancer \u00e0 l\u2019unisson, tous en direction du m\u00eame endroit. Se pourrait-il que nous fassions une procession vers l\u2019\u00e9glise ? Est-ce que cela ne pourrait pas constituer le d\u00e9but de la procession d\u2019entr\u00e9e ?<\/p>\n<p>Et si j\u2019habite plus loin, peut-\u00eatre \u00e0 la campagne \u00e0 l\u2019ext\u00e9rieur de la ville ? Exactement \u00e0 quelle distance de l\u2019\u00e9glise pouvons-nous dire que la procession d\u2019entr\u00e9e commence ? Pourquoi ne serait-il pas de ma propre entr\u00e9e ou de mon garage, peu importe la distance qui me s\u00e9pare de ma paroisse ou de n\u2019importe quelle \u00e9glise o\u00f9 je m\u2019appr\u00eate \u00e0 me rendre ?<\/p>\n<p>Quelles sont les cons\u00e9quences d\u2019une approche aussi radicale ? Permettez-moi de sugg\u00e9rer que cela requerrait un changement d\u2019attitude et de comportement plut\u00f4t radical \u00e0 l\u2019\u00e9gard de l\u2019assistance \u00e0 la messe. Imaginons que tout commence au lever le dimanche matin. Pendant que je me pr\u00e9pare physiquement en me lavant, en m\u2019habillant et en d\u00e9jeunant, peut-\u00eatre en compagnie de ma famille, suis-je conscient que je m\u2019en vais \u00e0 la messe, notre forme la plus \u00e9lev\u00e9e de liturgie et de pri\u00e8re, une v\u00e9ritable rencontre avec le Dieu vivant ? Comment cela influence-t-il ma pr\u00e9paration ? L\u2019ambiance est-elle calme et contemplative et peut-\u00eatre empreinte de pri\u00e8re ? Au beau milieu de la circulation, suis-je calme et d\u00e9tendu plut\u00f4t que stress\u00e9 \u00e0 cause des actions pos\u00e9es par d\u2019autres conducteurs impolis qui me coupent, conduisent trop lentement, sont en retard ou autres ? Quelles sont mes r\u00e9actions ? Est-ce que je me rends compte de ma r\u00e9action quand je brandis mon poing, que je klaxonne ou que je crie\u00a0? Quelle serait ma r\u00e9action si je savais que ce conducteur assisterait \u00e0 la messe avec moi ? Serais-je capable de laisser mon cadeau derri\u00e8re moi et de chercher \u00e0 me r\u00e9concilier avec mon fr\u00e8re ou ma s\u0153ur avant de recevoir le cadeau ultime, le Christ lui-m\u00eame dans l\u2019Eucharistie ?<\/p>\n<p>Ce semble-t-il vraiment si irr\u00e9el ? Quels changements dois-je op\u00e9rer dans ma vie pour aspirer aux objectifs les plus \u00e9lev\u00e9s ?<\/p>\n<p><em>Joseph Claude B\u00e9dard, responsable<\/em><br \/>\n<em>Comit\u00e9 de spiritualit\u00e9<\/em><\/p>\n<p>&nbsp;<br \/>\n<a href=\"https:\/\/ssvp.ca\/wp-content\/uploads\/2021\/11\/2016-11-f.pdf\"><img decoding=\"async\" class=\"alignleft size-full wp-image-9683\" src=\"https:\/\/ssvp.ca\/wp-content\/uploads\/2021\/11\/pdf-b-1.png\" alt=\"\" width=\"30\" height=\"39\" \/>Novembre-2016-Fra<\/a><\/p>\n","protected":false},"excerpt":{"rendered":"<p>Procession d\u2019entr\u00e9e Vous \u00eates-vous d\u00e9j\u00e0 demand\u00e9 o\u00f9 d\u00e9bute la procession d\u2019entr\u00e9e dans l\u2019\u00e9glise ? La procession veut refl\u00e9ter l\u2019entr\u00e9e de J\u00e9sus dans J\u00e9rusalem ou encore notre cheminement dans la vie, \u00e0 mesure que nous avan\u00e7ons sur cette terre en direction de la vie \u00e9ternelle. Comme la plupart d\u2019entre nous, vous avez appris que la procession [&hellip;]<\/p>\n","protected":false},"featured_media":0,"template":"","publication-category":[66],"class_list":["post-11079","publications","type-publications","status-publish","hentry","publication-category-reflexion-du-mois"],"acf":[],"_links":{"self":[{"href":"https:\/\/ssvp.ca\/fr\/wp-json\/wp\/v2\/publications\/11079","targetHints":{"allow":["GET"]}}],"collection":[{"href":"https:\/\/ssvp.ca\/fr\/wp-json\/wp\/v2\/publications"}],"about":[{"href":"https:\/\/ssvp.ca\/fr\/wp-json\/wp\/v2\/types\/publications"}],"wp:attachment":[{"href":"https:\/\/ssvp.ca\/fr\/wp-json\/wp\/v2\/media?parent=11079"}],"wp:term":[{"taxonomy":"publication-category","embeddable":true,"href":"https:\/\/ssvp.ca\/fr\/wp-json\/wp\/v2\/publication-category?post=11079"}],"curies":[{"name":"wp","href":"https:\/\/api.w.org\/{rel}","templated":true}]}}