{"id":11039,"date":"2021-11-17T16:21:07","date_gmt":"2021-11-17T16:21:07","guid":{"rendered":"https:\/\/ssvp.ca\/publications\/reflexion-spirituelle-paques-2018\/"},"modified":"2021-11-17T16:21:07","modified_gmt":"2021-11-17T16:21:07","slug":"reflexion-spirituelle-paques-2018","status":"publish","type":"publications","link":"https:\/\/ssvp.ca\/fr\/publications\/reflexion-spirituelle-paques-2018\/","title":{"rendered":"R\u00e9flexion spirituelle &#8211; P\u00e2ques 2018"},"content":{"rendered":"<p align=\"center\"><strong>La f\u00eate de P\u00e2ques toujours renouvel\u00e9e<\/strong><\/p>\n<p>Si l\u2019on veut appr\u00e9cier pleinement toute la signification de la f\u00eate de P\u00e2ques, il faut faire un effort d\u2019imagination et se mettre dans la peau des ap\u00f4tres. Le fait de la r\u00e9surrection du Seigneur est l\u2019\u00e9v\u00e9nement qui d\u00e9finit le christianisme, la pierre d\u2019assise du paradoxe de J\u00e9sus, vrai homme et vrai Dieu.<\/p>\n<p>En effet, c\u2019est cette preuve de v\u00e9ritable divinit\u00e9 qui a permis aux gens tr\u00e8s ordinaires qu\u2019\u00e9taient les disciples de se transformer en missionnaires \u00e9loquents et courageux, capables de r\u00e9aliser en un temps record l\u2019\u00e9tablissement de l\u2019\u00c9glise.<\/p>\n<p>Chaque ann\u00e9e, en c\u00e9l\u00e9brant la liturgie de la Semaine Sainte, nous avons l\u2019occasion d\u2019appr\u00e9cier \u00e0 nouveau l\u2019\u00e9v\u00e9nement bouleversant qu\u2019est la R\u00e9surrection du Seigneur, dont le rayonnement \u00e9claire de plus en plus notre monde s\u00e9culier. Nous devons \u00eatre \u00e0 la fois fiers et reconnaissants d\u2019avoir re\u00e7u le don de la Foi.<\/p>\n<p>Que P\u00e2ques 2018 soit sp\u00e9ciale pour nous tous. Que son pouvoir nous montre que nous pouvons \u00eatre meilleurs, des hommes et des femmes qui, \u00e0 travers leur quotidien, sont l\u2019incarnation de la Bonne Nouvelle de J\u00e9sus Christ.<\/p>\n<p>En tant que vincentiens et vincentiennes, faisons en sorte que tous nos gestes rayonnent d\u2019un amour toujours renouvel\u00e9 envers ceux et celles qui ont besoin d\u2019aide. Puissions-nous, consciemment, faire le lien entre nos actions et le merveilleux de la premi\u00e8re P\u00e2ques. Ainsi, notre sentier vincentien deviendra le chemin royal du Seigneur J\u00e9sus.<\/p>\n<p><em>Mgr. Peter Schonenbach, conseiller spirituel<br \/>\nConseil national<\/em><\/p>\n<p>&nbsp;<br \/>\n<a href=\"https:\/\/ssvp.ca\/wp-content\/uploads\/2021\/11\/2018-easter-f.pdf\"><img decoding=\"async\" class=\"alignleft size-full wp-image-9683\" src=\"https:\/\/ssvp.ca\/wp-content\/uploads\/2021\/11\/pdf-b-1.png\" alt=\"\" width=\"30\" height=\"39\" \/>R\u00e9flexion-Spirituelle-P\u00e2ques-2018<\/a><\/p>\n","protected":false},"excerpt":{"rendered":"<p>La f\u00eate de P\u00e2ques toujours renouvel\u00e9e Si l\u2019on veut appr\u00e9cier pleinement toute la signification de la f\u00eate de P\u00e2ques, il faut faire un effort d\u2019imagination et se mettre dans la peau des ap\u00f4tres. Le fait de la r\u00e9surrection du Seigneur est l\u2019\u00e9v\u00e9nement qui d\u00e9finit le christianisme, la pierre d\u2019assise du paradoxe de J\u00e9sus, vrai homme [&hellip;]<\/p>\n","protected":false},"featured_media":0,"template":"","publication-category":[66],"class_list":["post-11039","publications","type-publications","status-publish","hentry","publication-category-reflexion-du-mois"],"acf":[],"_links":{"self":[{"href":"https:\/\/ssvp.ca\/fr\/wp-json\/wp\/v2\/publications\/11039","targetHints":{"allow":["GET"]}}],"collection":[{"href":"https:\/\/ssvp.ca\/fr\/wp-json\/wp\/v2\/publications"}],"about":[{"href":"https:\/\/ssvp.ca\/fr\/wp-json\/wp\/v2\/types\/publications"}],"wp:attachment":[{"href":"https:\/\/ssvp.ca\/fr\/wp-json\/wp\/v2\/media?parent=11039"}],"wp:term":[{"taxonomy":"publication-category","embeddable":true,"href":"https:\/\/ssvp.ca\/fr\/wp-json\/wp\/v2\/publication-category?post=11039"}],"curies":[{"name":"wp","href":"https:\/\/api.w.org\/{rel}","templated":true}]}}