{"id":11033,"date":"2021-11-17T16:15:19","date_gmt":"2021-11-17T16:15:19","guid":{"rendered":"https:\/\/ssvp.ca\/publications\/reflexion-spirituelle-juin-2018\/"},"modified":"2021-11-17T16:15:19","modified_gmt":"2021-11-17T16:15:19","slug":"reflexion-spirituelle-juin-2018","status":"publish","type":"publications","link":"https:\/\/ssvp.ca\/fr\/publications\/reflexion-spirituelle-juin-2018\/","title":{"rendered":"R\u00e9flexion spirituelle &#8211; juin 2018"},"content":{"rendered":"<p align=\"center\"><strong>Communiquer \u00e0 propos du Christ<\/strong><\/p>\n<p>La \u00ab\u00a0communication chr\u00e9tienne\u00a0\u00bb est un sujet qui peut sembler relativement nouveau aux yeux de plusieurs vincentiens. En cette \u00e9poque de communication de masse \u00e0 la grandeur de la plan\u00e8te, nous pensons tout de suite \u00e0 quelque chose d\u2019\u00e9lectronique et issu des m\u00e9dias, et c\u2019est bien ce dont il s\u2019agit. Mais il s\u2019agit aussi d\u2019une activit\u00e9 aussi ancienne que notre Foi.<\/p>\n<p>Le pape Fran\u00e7ois s\u2019est adress\u00e9 \u00e0 un groupe d\u2019experts communicateurs \u00e0 Rome, en janvier dernier, au moment o\u00f9 ils c\u00e9l\u00e9braient la f\u00eate de saint Fran\u00e7ois de Sales, saint patron des \u00e9crivains et des communicateurs. Le pape Fran\u00e7ois a fait le lien entre l\u2019histoire de la Chute et les \u00ab\u00a0fausses nouvelles\u00a0\u00bb, en ce sens que Satan a menti pour inciter Adam et \u00c8ve \u00e0 manger du fruit d\u00e9fendu, cr\u00e9ant tellement de confusion dans l\u2019esprit de nos premiers parents que ces derniers en vinrent \u00e0 douter de Dieu. Les mensonges et la manipulation des faits ont men\u00e9 \u00e0 leur expulsion du Jardin d\u2019\u00c9den. De la m\u00eame fa\u00e7on, les \u00ab\u00a0fausses nouvelles\u00a0\u00bb d\u2019aujourd\u2019hui peuvent simuler ou manipuler la nouvelle aux fins de g\u00e9n\u00e9rer le doute, le d\u00e9sespoir, la peur, la haine, etc. Il n\u2019est jamais facile de combattre la \u00ab\u00a0fausse nouvelle\u00a0\u00bb, mais l\u2019adaptation qu\u2019a faite le pape Fran\u00e7ois de la pri\u00e8re de saint Fran\u00e7ois peut \u00eatre source d\u2019inspiration\u00a0:<\/p>\n<p align=\"center\"><em>Seigneur, fais de nous des instruments de ta paix.<\/em><\/p>\n<p align=\"center\"><em>Fais-nous reconna\u00eetre le mal qui s\u2019insinue<\/em><\/p>\n<p align=\"center\"><em>dans une communication qui ne cr\u00e9e pas la communion.<\/em><\/p>\n<p align=\"center\"><em>Rends-nous capables d\u2019\u00f4ter le venin de nos jugements.<\/em><\/p>\n<p align=\"center\"><em>Aide-nous \u00e0 parler des autres comme de fr\u00e8res et de s\u0153urs.<\/em><\/p>\n<p align=\"center\"><em>Tu es fid\u00e8le et digne de confiance ;<\/em><\/p>\n<p align=\"center\"><em>fais que nos paroles soient des semences de bien pour le monde :<\/em><\/p>\n<p align=\"center\"><em>L\u00e0 o\u00f9 il y a de la rumeur, que nous pratiquions l\u2019\u00e9coute.<\/em><\/p>\n<p align=\"center\"><em>L\u00e0 o\u00f9 il y a confusion, que nous inspirions l\u2019harmonie.<\/em><\/p>\n<p align=\"center\"><em>L\u00e0 o\u00f9 il y a ambigu\u00eft\u00e9, que nous apportions la clart\u00e9.<\/em><\/p>\n<p align=\"center\"><em>L\u00e0 o\u00f9 il y a exclusion, que nous apportions le partage.<\/em><\/p>\n<p align=\"center\"><em>L\u00e0 o\u00f9 il y a du sensationnalisme, que nous usions de la sobri\u00e9t\u00e9.<\/em><\/p>\n<p align=\"center\"><em>L\u00e0 o\u00f9 il y a de la superficialit\u00e9, que nous posions les vraies questions.<\/em><\/p>\n<p align=\"center\"><em>L\u00e0 o\u00f9 il y a des pr\u00e9jug\u00e9s, que nous suscitions la confiance.<\/em><\/p>\n<p align=\"center\"><em>L\u00e0 o\u00f9 il y a agressivit\u00e9, que nous apportions le respect.<\/em><\/p>\n<p align=\"center\"><em>L\u00e0 o\u00f9 il y a la fausset\u00e9, que nous apportions la v\u00e9rit\u00e9.<\/em><\/p>\n<p align=\"center\"><em>Amen !<\/em><\/p>\n<p>Ces mots n\u2019ont-ils pas \u00e9t\u00e9 \u00e9crits pour des professionnels? Que signifient-ils pour le vincentien moyen? \u2026 pour le chr\u00e9tien moyen?<\/p>\n<p>Si vous lisez ceci en ligne, vous \u00eates un communicateur \u00e9lectronique de l\u2019amour du Christ pour tout le genre humain. Envoyez-vous des courriels? Utilisez-vous Facebook? Twitter? D\u2019autres m\u00e9dias \u00e9lectroniques? Toute parole \u00e9crite et toute chose lue en ligne par chacun de nous devraient \u00eatre sujettes \u00e0 la pri\u00e8re du pape Fran\u00e7ois.<\/p>\n<p>Lorsque nous effectuons des visites \u00e0 domicile, faisons du b\u00e9n\u00e9volat dans les magasins, visitons les malades ou les d\u00e9tenus, ou contribuons \u00e0 toute \u0153uvre vincentienne, nous communiquons le Christ \u00e0 ses pauvres.<\/p>\n<p>Il n\u2019est pas n\u00e9cessaire de pr\u00eacher, de baptiser ou d\u2019accomplir des miracles pour amener le Christ aux autres. Le bienheureux Fr\u00e9d\u00e9ric \u00e9tait un ma\u00eetre communicateur. Les \u00e9tudiants se pressaient pour l\u2019entendre. Il a \u00e9norm\u00e9ment \u00e9crit sur nombre de sujets de l\u2019\u00e9poque et dans plusieurs langues. Mais ses visites \u00e0 domicile restaient simples et directes. Selon\u00a0<em>Fr\u00e9d\u00e9ric<\/em>\u00a0<em>Ozanam, Professor at the Sorbonne \u2013 His Life and Works<\/em>, publi\u00e9 en 1878 :<\/p>\n<p align=\"center\"><em>\u00ab\u00a0Il (le bienheureux Fr\u00e9d\u00e9ric) ne pr\u00eachait jamais devant eux; apr\u00e8s leur avoir donn\u00e9 ce qu\u2019il avait \u00e0 donner, il s\u2019asseyait et conversait sur tout sujet susceptible de les r\u00e9jouir ou de les int\u00e9resser.\u00a0\u00bb<\/em><\/p>\n<p>Seigneur, aide-nous \u00e0 communiquer ton amour \u00e0 tous tes enfants, partout. Amen<\/p>\n<p><em>Denise Bondy, conseill\u00e8re spirituelle<\/em><br \/>\n<em>Conseil r\u00e9gional de l\u2019Ontario<\/em><br \/>\n<em>Membre du Comit\u00e9 national de spiritualit\u00e9<\/em><\/p>\n<p>&nbsp;<br \/>\n<a href=\"https:\/\/ssvp.ca\/wp-content\/uploads\/2021\/11\/2018-06-f.pdf\"><img decoding=\"async\" class=\"alignleft size-full wp-image-9683\" src=\"https:\/\/ssvp.ca\/wp-content\/uploads\/2021\/11\/pdf-b-1.png\" alt=\"\" width=\"30\" height=\"39\" \/>R\u00e9flexion-spirituelle-juin-2018<\/a><\/p>\n","protected":false},"excerpt":{"rendered":"<p>Communiquer \u00e0 propos du Christ La \u00ab\u00a0communication chr\u00e9tienne\u00a0\u00bb est un sujet qui peut sembler relativement nouveau aux yeux de plusieurs vincentiens. En cette \u00e9poque de communication de masse \u00e0 la grandeur de la plan\u00e8te, nous pensons tout de suite \u00e0 quelque chose d\u2019\u00e9lectronique et issu des m\u00e9dias, et c\u2019est bien ce dont il s\u2019agit. Mais [&hellip;]<\/p>\n","protected":false},"featured_media":0,"template":"","publication-category":[66],"class_list":["post-11033","publications","type-publications","status-publish","hentry","publication-category-reflexion-du-mois"],"acf":[],"_links":{"self":[{"href":"https:\/\/ssvp.ca\/fr\/wp-json\/wp\/v2\/publications\/11033","targetHints":{"allow":["GET"]}}],"collection":[{"href":"https:\/\/ssvp.ca\/fr\/wp-json\/wp\/v2\/publications"}],"about":[{"href":"https:\/\/ssvp.ca\/fr\/wp-json\/wp\/v2\/types\/publications"}],"wp:attachment":[{"href":"https:\/\/ssvp.ca\/fr\/wp-json\/wp\/v2\/media?parent=11033"}],"wp:term":[{"taxonomy":"publication-category","embeddable":true,"href":"https:\/\/ssvp.ca\/fr\/wp-json\/wp\/v2\/publication-category?post=11033"}],"curies":[{"name":"wp","href":"https:\/\/api.w.org\/{rel}","templated":true}]}}