{"id":11017,"date":"2021-11-17T16:03:03","date_gmt":"2021-11-17T16:03:03","guid":{"rendered":"https:\/\/ssvp.ca\/publications\/reflexion-spirituelle-decembre-2018\/"},"modified":"2021-11-17T16:03:03","modified_gmt":"2021-11-17T16:03:03","slug":"reflexion-spirituelle-decembre-2018","status":"publish","type":"publications","link":"https:\/\/ssvp.ca\/fr\/publications\/reflexion-spirituelle-decembre-2018\/","title":{"rendered":"R\u00e9flexion spirituelle &#8211; d\u00e9cembre 2018"},"content":{"rendered":"<p>Dans la lettre de l\u2019Avent de cette ann\u00e9e, le P. Toma\u017e Mavri\u010d, CM, 24\u00e8me successeur de saint Vincent, nous invite \u00e0 approfondir l\u2019exemple de saint Vincent de Paul, en abordant l\u2019une des sources principales dans lesquelles Vincent boit comme un mystique de la Charit\u00e9, la pri\u00e8re quotidienne : \u00ab\u00a0<em>Il a exhort\u00e9 tous les groupes qu\u2019il a fond\u00e9s ou fr\u00e9quent\u00e9s : les membres la\u00efques des Confr\u00e9ries de la Charit\u00e9, les Pr\u00eatres et les Fr\u00e8res de la petite Compagnie, de la Congr\u00e9gation de la Mission, les Filles de la Charit\u00e9, les Dames de la Charit\u00e9, les Pr\u00eatres des Conf\u00e9rences des mardis, \u00e0 boire chaque jour \u00e0 la source de l\u2019oraison \u00bb.<\/em><\/p>\n<p align=\"center\"><strong>Lettre de l\u2019Avent<\/strong><\/p>\n<p>A tous les membres de la Famille vincentienne<\/p>\n<p>Mes tr\u00e8s chers fr\u00e8res et s\u0153urs\u00a0!<\/p>\n<p>La gr\u00e2ce et la paix de J\u00e9sus soient toujours avec nous !<\/p>\n<p>Dans ma premi\u00e8re lettre pour la f\u00eate de saint Vincent, il y a deux ans, je vous ai \u00e9crit \u00e0 propos de saint Vincent de Paul, mystique de la Charit\u00e9. Lorsque nous r\u00e9fl\u00e9chissons sur saint Vincent en tant que mystique de la Charit\u00e9 et que nous essayons de suivre son exemple \u00e0 cet \u00e9gard, nous devons nous rappeler qu\u2019il n\u2019\u00e9tait pas un mystique au sens courant du terme, tel que l\u2019Eglise le d\u00e9crit habituellement. Vincent de Paul \u00e9tait un mystique, mais un mystique de la Charit\u00e9. Avec les yeux de la foi, il a vu, contempl\u00e9 et servi le Christ dans la personne des pauvres. Lorsqu\u2019il touchait les plaies des personnes marginalis\u00e9es, il croyait qu\u2019il touchait les plaies du Christ. Quand il r\u00e9pondait \u00e0 leurs besoins les plus profonds, il \u00e9tait convaincu qu\u2019il adorait son Seigneur et son Ma\u00eetre.<\/p>\n<p>En ce temps de l\u2019Avent, je veux vous entretenir sur l\u2019une des principales sources \u00e0 laquelle Vincent a puis\u00e9 en tant que mystique de la Charit\u00e9\u00a0:<strong>\u00a0l\u2019oraison quotidienne<\/strong>. Il a exhort\u00e9 tous les groupes qu\u2019il a fond\u00e9s ou fr\u00e9quent\u00e9s : les membres la\u00efques des Confr\u00e9ries de la Charit\u00e9, les Pr\u00eatres et les Fr\u00e8res de la petite Compagnie, de la Congr\u00e9gation de la Mission, les Filles de la Charit\u00e9, les Dames de la Charit\u00e9, les Pr\u00eatres des Conf\u00e9rences des mardis, \u00e0 boire chaque jour \u00e0 la source de l\u2019oraison.<\/p>\n<p>L\u2019une des phrases les plus cit\u00e9es de saint Vincent, tir\u00e9e d\u2019une conf\u00e9rence donn\u00e9e aux membres de la Congr\u00e9gation de la Mission, exprime avec \u00e9loquence l\u2019attitude de Vincent\u00a0:<\/p>\n<p><em>Donnez-moi un homme d\u2019oraison, et il sera capable tout ; il pourra dire avec le saint Ap\u00f4tre : \u00ab Je puis toutes choses en Celui qui me soutient et qui me conforte \u00bb (Ph 4, 13) La congr\u00e9gation de la mission subsistera autant de temps que l\u2019exercice de l\u2019oraison y sera fid\u00e8lement pratiqu\u00e9, parce que l\u2019oraison est comme un rempart inexpugnable, qui mettra les missionnaires \u00e0 couvert contre toutes sortes d\u2019attaques<\/em><a href=\"https:\/\/famvin.org\/fr\/2018\/11\/20\/lettre-de-lavent-2018-a-la-famille-vincentienne-par-le-p-tomaz-mavric-cm\/#_ftn1\">[1]<\/a><em>.<\/em><\/p>\n<p>Vincent parlait de l\u2019oraison quotidienne. Il a affirm\u00e9 \u00e0 ses disciples\u00a0:<\/p>\n<p><em>Donnons-nous bien tous \u00e0 cette pratique de l\u2019oraison, puisque c\u2019est par elle que nous viennent tous les biens. Si nous pers\u00e9v\u00e9rons dans notre vocation, c\u2019est gr\u00e2ce \u00e0 l\u2019oraison ; si nous r\u00e9ussissons dans nos emplois, gr\u00e2ce \u00e0 l\u2019oraison ; si nous ne tombons pas dans le p\u00e9ch\u00e9, gr\u00e2ce \u00e0 l\u2019oraison ; si nous demeurons dans la charit\u00e9, si nous sommes sauv\u00e9s, tout cela gr\u00e2ce \u00e0 Dieu et \u00e0 l\u2019oraison.<\/em>\u00a0<em>Comme Dieu ne refuse rien \u00e0 l\u2019oraison, aussi il n\u2019accorde presque rien sans oraison<\/em><a href=\"https:\/\/famvin.org\/fr\/2018\/11\/20\/lettre-de-lavent-2018-a-la-famille-vincentienne-par-le-p-tomaz-mavric-cm\/#_ftn2\">[2]<\/a><em>.<\/em><\/p>\n<p>Pour encourager ses fils et ses filles \u00e0 faire oraison, il a repris beaucoup de m\u00e9taphores employ\u00e9es couramment par les auteurs spirituels de son \u00e9poque. Il leur disait que l\u2019oraison est pour l\u2019\u00e2me ce que la nourriture est pour le corps<a href=\"https:\/\/famvin.org\/fr\/2018\/11\/20\/lettre-de-lavent-2018-a-la-famille-vincentienne-par-le-p-tomaz-mavric-cm\/#_ftn3\">[3]<\/a>. Elle est une \u00ab\u00a0<em>fontaine de jouvence<\/em>\u00a0\u00bb o\u00f9 nous sommes vivifi\u00e9s<a href=\"https:\/\/famvin.org\/fr\/2018\/11\/20\/lettre-de-lavent-2018-a-la-famille-vincentienne-par-le-p-tomaz-mavric-cm\/#_ftn4\">[4]<\/a>. Elle est un miroir dans lequel nous voyons toutes nos taches et nous ajustons pour nous rendre plus agr\u00e9ables \u00e0 Dieu<a href=\"https:\/\/famvin.org\/fr\/2018\/11\/20\/lettre-de-lavent-2018-a-la-famille-vincentienne-par-le-p-tomaz-mavric-cm\/#_ftn5\">[5]<\/a>. Elle est un rafra\u00eechissement au milieu de notre difficile labeur quotidien au service des pauvres<a href=\"https:\/\/famvin.org\/fr\/2018\/11\/20\/lettre-de-lavent-2018-a-la-famille-vincentienne-par-le-p-tomaz-mavric-cm\/#_ftn6\">[6]<\/a>. Elle est une pr\u00e9dication, dit-il aux missionnaires, qu\u2019on se fait \u00e0 soi-m\u00eame<a href=\"https:\/\/famvin.org\/fr\/2018\/11\/20\/lettre-de-lavent-2018-a-la-famille-vincentienne-par-le-p-tomaz-mavric-cm\/#_ftn7\">[7]<\/a>. Elle est un livre de ressources pour le pr\u00e9dicateur dans lequel il peut trouver des v\u00e9rit\u00e9s \u00e9ternelles \u00e0 transmettre au peuple de Dieu<a href=\"https:\/\/famvin.org\/fr\/2018\/11\/20\/lettre-de-lavent-2018-a-la-famille-vincentienne-par-le-p-tomaz-mavric-cm\/#_ftn8\">[8]<\/a>. Elle est une douce ros\u00e9e, qui rafra\u00eechit l\u2019\u00e2me chaque matin, dit-il aux Filles de la Charit\u00e9<a href=\"https:\/\/famvin.org\/fr\/2018\/11\/20\/lettre-de-lavent-2018-a-la-famille-vincentienne-par-le-p-tomaz-mavric-cm\/#_ftn9\">[9]<\/a>.<\/p>\n<p>Vincent exhortait sainte Louise de Marillac \u00e0 bien former les jeunes S\u0153urs \u00e0 l\u2019oraison<a href=\"https:\/\/famvin.org\/fr\/2018\/11\/20\/lettre-de-lavent-2018-a-la-famille-vincentienne-par-le-p-tomaz-mavric-cm\/#_ftn10\">[10]<\/a>. Il leur a donn\u00e9 de nombreuses conf\u00e9rences pratiques sur le sujet. Il assurait les S\u0153urs que l\u2019oraison est, en fait, tr\u00e8s facile et que c\u2019est comme si on s\u2019entretenait avec Dieu pendant une demi-heure. Il disait que si certains sont ravis de pouvoir parler au roi, nous devrions nous r\u00e9jouir de pouvoir parler c\u0153ur \u00e0 c\u0153ur avec Dieu tous les jours<a href=\"https:\/\/famvin.org\/fr\/2018\/11\/20\/lettre-de-lavent-2018-a-la-famille-vincentienne-par-le-p-tomaz-mavric-cm\/#_ftn11\">[11]<\/a>.<\/p>\n<p>L\u2019oraison, pour Vincent, est une conversation avec Dieu, avec J\u00e9sus, dans laquelle nous exprimons nos sentiments les plus profonds (il a appel\u00e9 cette pri\u00e8re \u00ab\u00a0affective\u00a0\u00bb) et dans laquelle nous cherchons \u00e0 savoir ce que Dieu nous demande chaque jour, en particulier pour notre service des pauvres. Elle se caract\u00e9rise par une profonde gratitude pour les nombreux dons de J\u00e9sus, en particulier notre vocation \u00e0 servir les pauvres. Il en r\u00e9sulte des r\u00e9solutions sur la mani\u00e8re dont nous pourrions mieux les servir dans l\u2019avenir. Pour certains, et m\u00eame pour beaucoup, elle fait place \u00e0 une contemplation silencieuse de l\u2019amour que J\u00e9sus nous porte et de son amour pour les pauvres et, cela nous pousse \u00e0 lancer des \u00ab\u00a0<em>traits d\u2019amour<\/em>\u00a0\u00bb qui \u00ab\u00a0<em>p\u00e9n\u00e8trent les cieux<\/em>\u00a0\u00bb et touchent le c\u0153ur de Notre-Seigneur<a href=\"https:\/\/famvin.org\/fr\/2018\/11\/20\/lettre-de-lavent-2018-a-la-famille-vincentienne-par-le-p-tomaz-mavric-cm\/#_ftn12\">[12]<\/a>.<\/p>\n<p>Pour Vincent, le sujet principal de l\u2019oraison \u00e9tait la vie et l\u2019enseignement de J\u00e9sus. Il a insist\u00e9 sur le fait que nous devions revenir sans cesse aux \u00ab\u00a0myst\u00e8res\u00a0\u00bb de l\u2019humanit\u00e9 de J\u00e9sus\u00a0: sa naissance, ses relations avec Marie et Joseph, les \u00e9v\u00e9nements de son minist\u00e8re public, ses miracles, son amour pr\u00e9f\u00e9rentiel pour les pauvres. Il nous exhortait \u00e0 m\u00e9diter dans les Ecritures les actions et les enseignements de J\u00e9sus<a href=\"https:\/\/famvin.org\/fr\/2018\/11\/20\/lettre-de-lavent-2018-a-la-famille-vincentienne-par-le-p-tomaz-mavric-cm\/#_ftn13\">[13]<\/a>. Parmi les enseignements de J\u00e9sus, il a particuli\u00e8rement attir\u00e9 l\u2019attention sur le Sermon sur la Montagne<a href=\"https:\/\/famvin.org\/fr\/2018\/11\/20\/lettre-de-lavent-2018-a-la-famille-vincentienne-par-le-p-tomaz-mavric-cm\/#_ftn14\">[14]<\/a>. Surtout, il conseillait l\u2019oraison centr\u00e9e sur la passion et la croix de J\u00e9sus<a href=\"https:\/\/famvin.org\/fr\/2018\/11\/20\/lettre-de-lavent-2018-a-la-famille-vincentienne-par-le-p-tomaz-mavric-cm\/#_ftn15\">[15]<\/a>.<\/p>\n<p>La m\u00e9thode enseign\u00e9e par saint Vincent \u00e9tait celle de saint Fran\u00e7ois de Sales.<a href=\"https:\/\/famvin.org\/fr\/2018\/11\/20\/lettre-de-lavent-2018-a-la-famille-vincentienne-par-le-p-tomaz-mavric-cm\/#_ftn16\">[16]<\/a>\u00a0Il n\u2019y a apport\u00e9 que de l\u00e9g\u00e8res modifications. Il \u00e9tait plus sobre que Fran\u00e7ois de Sales lorsqu\u2019il parlait de l\u2019utilisation de l\u2019imagination. Tout en valorisant la pri\u00e8re affective, il a vigoureusement insist\u00e9 sur la n\u00e9cessit\u00e9 de r\u00e9solutions concr\u00e8tes. Surtout lors de ses conf\u00e9rences aux Filles de la Charit\u00e9, il entrem\u00ealait agr\u00e9ablement la sagesse spirituelle et le bon sens. Il a mis en garde les S\u0153urs de cultiver de \u00ab\u00a0belles pens\u00e9es\u00a0\u00bb qui ne m\u00e8nent \u00e0 rien. Il a mis en garde les pr\u00eatres contre l\u2019utilisation de l\u2019oraison comme temps d\u2019\u00e9tude sp\u00e9culative.<\/p>\n<p><strong>La m\u00e9thode propos\u00e9e par saint Vincent de Paul comportait trois \u00e9tapes\u00a0:<\/strong><\/p>\n<p><strong><em>1. La pr\u00e9paration<\/em><\/strong><\/p>\n<p>1.\u00a0\u00a0\u00a0\u00a0 Premi\u00e8rement, nous nous mettons en pr\u00e9sence de Dieu. Cela peut \u00eatre fait de diff\u00e9rentes mani\u00e8res\u00a0: consid\u00e9rer Notre Seigneur pr\u00e9sent dans le Saint Sacrement, penser \u00e0 Dieu r\u00e9gnant sur l\u2019univers, r\u00e9fl\u00e9chir \u00e0 la pr\u00e9sence de Dieu dans notre c\u0153ur.<\/p>\n<p>2.\u00a0\u00a0\u00a0\u00a0 Ensuite, nous demandons de l\u2019aide pour bien prier.<\/p>\n<p>3.\u00a0\u00a0\u00a0\u00a0 Enfin, nous choisissons un sujet d\u2019oraison, tel un myst\u00e8re de la vie de J\u00e9sus, une vertu, un passage de l\u2019Ecriture ou un jour de f\u00eate.<\/p>\n<p><strong><em>2. Le corps de l\u2019oraison<\/em><\/strong><\/p>\n<p>1.\u00a0\u00a0\u00a0\u00a0 Nous m\u00e9ditons sur le sujet choisi.<\/p>\n<p>2.\u00a0\u00a0\u00a0\u00a0 Si le sujet est une vertu, nous recherchons les motifs pour aimer et pratiquer cette vertu. S\u2019il s\u2019agit d\u2019un myst\u00e8re de la vie de J\u00e9sus, par exemple, la passion, nous imaginons ce qui s\u2019est pass\u00e9 et m\u00e9ditons sur sa signification.<\/p>\n<p>3.\u00a0\u00a0\u00a0\u00a0 En m\u00e9ditant, nous exprimons \u00e0 Dieu ce qu\u2019il y a dans notre c\u0153ur (par exemple, l\u2019amour du Christ qui a tant souffert pour nous, le chagrin du p\u00e9ch\u00e9, la gratitude). Au fond, Vincent encourageait ses disciples \u00e0 :<\/p>\n<p>\u00b7\u00a0\u00a0\u00a0\u00a0\u00a0\u00a0\u00a0<strong>r\u00e9fl\u00e9chir sur le sujet de l\u2019oraison,<\/strong><\/p>\n<p>\u00b7\u00a0\u00a0\u00a0\u00a0\u00a0\u00a0\u00a0<strong>identifier les motifs pour l\u2019accueillir,<\/strong><\/p>\n<p>\u00b7\u00a0\u00a0\u00a0\u00a0\u00a0\u00a0\u00a0<strong>prendre des r\u00e9solutions concr\u00e8tes pour le mettre en pratique.<\/strong><\/p>\n<p><strong>3.\u00a0<em>Conclusion<\/em><\/strong><\/p>\n<p>Nous remercions Dieu pour ce temps de l\u2019oraison et pour les gr\u00e2ces que nous y avons re\u00e7ues. Nous pr\u00e9sentons \u00e0 Dieu les r\u00e9solutions que nous avons prises. Ensuite, nous demandons de l\u2019aide pour les r\u00e9aliser.<\/p>\n<p><strong>L\u2019oraison quotidienne est un \u00e9l\u00e9ment indispensable de notre spiritualit\u00e9. Saint Vincent \u00e9tait absolument convaincu de son importance dans notre vie et notre service aupr\u00e8s des pauvres. Il la qualifiait de \u00ab\u00a0l\u2019\u00e2me de nos \u00e2mes\u00a0\u00bb<a href=\"https:\/\/famvin.org\/fr\/2018\/11\/20\/lettre-de-lavent-2018-a-la-famille-vincentienne-par-le-p-tomaz-mavric-cm\/#_ftn17\">[17]<\/a>\u00a0et il pensait que sans elle, nous ne pourrions pas pers\u00e9v\u00e9rer malgr\u00e9 les difficult\u00e9s inh\u00e9rentes \u00e0 notre service des plus abandonn\u00e9s.<\/strong><\/p>\n<p>Par cette lettre de l\u2019Avent, je veux encourager chaque membre de la Famille vincentienne \u00e0 s\u2019engager ou \u00e0 continuer \u00e0 s\u2019engager dans l\u2019oraison quotidienne. Chaque institut de vie consacr\u00e9e au sein de la Famille vincentienne a ses propres Constitutions et Statuts o\u00f9 sont d\u00e9crites les pratiques de sa vie de pri\u00e8re, y compris le temps \u00e0 consacrer \u00e0 l\u2019oraison quotidienne. Je voudrais \u00e9galement encourager les branches la\u00efques de la Famille vincentienne \u00e0 s\u2019engager quotidiennement \u00e0 faire oraison, m\u00eame pendant une courte p\u00e9riode de cinq \u00e0 dix minutes.<\/p>\n<p>Vincent a reconnu qu\u2019il y a plusieurs fa\u00e7ons de faire oraison et a encourag\u00e9 leur pratique. Certains utiliseront s\u00fbrement d\u2019autres m\u00e9thodes que celle qu\u2019il a souvent enseign\u00e9e et que j\u2019ai d\u00e9crite plus haut. Bien que nous puissions employer d\u2019autres m\u00e9thodes d\u2019oraison, il est important pour nous de conna\u00eetre et de garder \u00e0 l\u2019esprit la m\u00e9thode que saint Vincent de Paul nous a laiss\u00e9e. En fin de compte, le plus important est que nous engagions notre esprit et notre c\u0153ur dans une conversation m\u00e9ditative avec J\u00e9sus et que nous le fassions quotidiennement et avec pers\u00e9v\u00e9rance.<\/p>\n<p>La liste des sujets de m\u00e9ditation fr\u00e9quente que nous a laiss\u00e9s saint Vincent de Paul est longue\u00a0:<\/p>\n<p>\u00b7\u00a0\u00a0\u00a0\u00a0\u00a0\u00a0 la relation de J\u00e9sus avec Dieu son P\u00e8re<\/p>\n<p>\u00b7\u00a0\u00a0\u00a0\u00a0\u00a0\u00a0 son amour effectif et compatissant pour les personnes marginalis\u00e9es.<\/p>\n<p>\u00b7\u00a0\u00a0\u00a0\u00a0\u00a0\u00a0 le Royaume qu\u2019il a annonc\u00e9<\/p>\n<p>\u00b7\u00a0\u00a0\u00a0\u00a0\u00a0\u00a0 la communaut\u00e9 qu\u2019il forme avec les Ap\u00f4tres<\/p>\n<p>\u00b7\u00a0\u00a0\u00a0\u00a0\u00a0\u00a0 sa pri\u00e8re<\/p>\n<p>\u00b7\u00a0\u00a0\u00a0\u00a0\u00a0\u00a0 la pr\u00e9sence du p\u00e9ch\u00e9 dans le monde et en nous<\/p>\n<p>\u00b7\u00a0\u00a0\u00a0\u00a0\u00a0\u00a0 l\u2019empressement de J\u00e9sus \u00e0 pardonner<\/p>\n<p>\u00b7\u00a0\u00a0\u00a0\u00a0\u00a0\u00a0 son pouvoir de gu\u00e9rison<\/p>\n<p>\u00b7\u00a0\u00a0\u00a0\u00a0\u00a0\u00a0 son attitude de serviteur<\/p>\n<p>\u00b7\u00a0\u00a0\u00a0\u00a0\u00a0\u00a0 son amour de la v\u00e9rit\u00e9\/simplicit\u00e9<\/p>\n<p>\u00b7\u00a0\u00a0\u00a0\u00a0\u00a0\u00a0 son humilit\u00e9<\/p>\n<p>\u00b7\u00a0\u00a0\u00a0\u00a0\u00a0\u00a0 sa soif de justice<\/p>\n<p>\u00b7\u00a0\u00a0\u00a0\u00a0\u00a0\u00a0 son amour humain profond pour ses amis<\/p>\n<p>\u00b7\u00a0\u00a0\u00a0\u00a0\u00a0\u00a0 son d\u00e9sir d\u2019apporter la paix<\/p>\n<p>\u00b7\u00a0\u00a0\u00a0\u00a0\u00a0\u00a0 son combat contre la tentation<\/p>\n<p>\u00b7\u00a0\u00a0\u00a0\u00a0\u00a0\u00a0 la croix<\/p>\n<p>\u00b7\u00a0\u00a0\u00a0\u00a0\u00a0\u00a0 la r\u00e9surrection<\/p>\n<p>\u00b7\u00a0\u00a0\u00a0\u00a0\u00a0\u00a0 l\u2019ob\u00e9issance de J\u00e9sus \u00e0 la volont\u00e9 du P\u00e8re<\/p>\n<p>\u00b7\u00a0\u00a0\u00a0\u00a0\u00a0\u00a0 la douceur de J\u00e9sus<\/p>\n<p>\u00b7\u00a0\u00a0\u00a0\u00a0\u00a0\u00a0 la mortification<\/p>\n<p>\u00b7\u00a0\u00a0\u00a0\u00a0\u00a0\u00a0 le z\u00e8le apostolique<\/p>\n<p>\u00b7\u00a0\u00a0\u00a0\u00a0\u00a0\u00a0 la pauvret\u00e9<\/p>\n<p>\u00b7\u00a0\u00a0\u00a0\u00a0\u00a0\u00a0 le c\u00e9libat<\/p>\n<p>\u00b7\u00a0\u00a0\u00a0\u00a0\u00a0\u00a0 l\u2019ob\u00e9issance<\/p>\n<p>\u00b7\u00a0\u00a0\u00a0\u00a0\u00a0\u00a0 la joie et l\u2019action de gr\u00e2ces de J\u00e9sus.<\/p>\n<p>Tous ces sujets sont li\u00e9s \u00e0 notre mission aupr\u00e8s des pauvres. Tous nous aideront \u00e0 suivre Vincent, mystique de la Charit\u00e9. Quelle merveilleuse opportunit\u00e9 nous est donn\u00e9e pour revivre, d\u00e8s cet Avent, l\u2019oraison quotidienne qui fera partie de notre vie spirituelle jusqu\u2019\u00e0 notre d\u00e9part de cette terre pour l\u2019\u00e9ternit\u00e9\u00a0!<\/p>\n<p>Que notre oraison soit toujours fond\u00e9e sur la Bible, sur les lectures de la liturgie du jour. Ne passons pas le temps de l\u2019oraison \u00e0 lire un livre spirituel. Nous avons la possibilit\u00e9 de faire notre lecture spirituelle \u00e0 un autre moment de la journ\u00e9e.<\/p>\n<p>M\u00e9diter, c\u2019est se placer devant Dieu, devant J\u00e9sus, gr\u00e2ce \u00e0 sa Parole. C\u2019est mettre notre c\u0153ur \u00e0 la disposition totale de J\u00e9sus, lui permettant de nous parler tandis que nous \u00e9coutons. C\u2019est nous mettre \u00e0 l\u2019\u00e9coute de ce que J\u00e9sus voudrait nous dire chaque jour. C\u2019est faire confiance \u00e0 la Providence pour lutter contre toutes les tentations d\u2019\u00e9viter ou d\u2019omettre l\u2019oraison quotidienne. C\u2019est simplement \u00eatre avec J\u00e9sus tous les jours dans le silence de notre esprit et de notre c\u0153ur, m\u00eame si notre esprit reste vide et que nous avons l\u2019impression que rien n\u2019a \u00e9t\u00e9 accompli, que nous avons perdu une demi-heure \u00e0 ne rien faire, car J\u00e9sus ne nous a communiqu\u00e9 aucune id\u00e9e, aucun sentiment ou message. C\u2019est simplement croire \u00e0 la mani\u00e8re dont J\u00e9sus communique avec Dieu, son P\u00e8re. Il a souvent pass\u00e9 toute la nuit en pri\u00e8re. C\u2019est simplement manifester \u00e0 J\u00e9sus notre amour total pour lui, le lui manifester en \u00e9tant simplement avec lui, pr\u00eats, \u00e0 tout moment et de la mani\u00e8re que la Providence jugera juste, \u00e0 ce que J\u00e9sus nous communique son message. C\u2019est simplement \u00eatre l\u00e0 tous les jours, pr\u00eats pour le moment que J\u00e9sus jugera bon, pour ne pas laisser passer le moment de gr\u00e2ce, ne pas manquer la visite de J\u00e9sus.<\/p>\n<p>De plus en plus, durant ses derni\u00e8res ann\u00e9es, Vincent pronon\u00e7ait des paroles extatiques sur l\u2019amour de Dieu. Elles d\u00e9coulaient clairement de son oraison. Le 30 mai 1659, il a pri\u00e9 \u00e0 haute voix lors d\u2019une conf\u00e9rence aux confr\u00e8res\u00a0:<\/p>\n<p><em>Regardons le Fils de Dieu ; oh ! Quel c\u0153ur de charit\u00e9 ! Quelle flamme d\u2019amour ! Mon J\u00e9sus, dites-nous, vous, un peu, s\u2019il vous pla\u00eet, qui vous a tir\u00e9 du ciel pour venir souffrir la mal\u00e9diction de la terre, tant de pers\u00e9cutions et de tourments que vous y avez re\u00e7us. O Sauveur ! \u00d4 source de l\u2019amour humili\u00e9 jusqu\u2019\u00e0 nous et jusqu\u2019\u00e0 un supplice inf\u00e2me, qui en cela a plus aim\u00e9 le prochain que vous-m\u00eame ? Vous \u00eates venu vous exposer \u00e0 toutes nos mis\u00e8res, prendre la forme de p\u00e9cheur, mener une vie souffrante et souffrir une mort honteuse pour nous ; y a-t-il un amour pareil ? Mais qui pourrait aimer d\u2019une mani\u00e8re tant sur\u00e9minente ? Il n\u2019y a que Notre-Seigneur qui soit si \u00e9pris de l\u2019amour des cr\u00e9atures que de quitter le tr\u00f4ne de son P\u00e8re pour venir prendre un corps sujet aux infirmit\u00e9s Et pourquoi ? Pour \u00e9tablir entre nous par son exemple et sa parole la charit\u00e9 du prochain. C\u2019est cet amour qui l\u2019a crucifi\u00e9 et qui a fait cette production admirable de notre r\u00e9demption. O messieurs, si nous avions un peu de cet amour, demeurerions-nous les bras crois\u00e9s ? Ceux que nous pourrions assister, les laisserions nous p\u00e9rir ? Oh ! Non, la charit\u00e9 ne peut demeurer oisive ; elle nous applique au salut et \u00e0 la consolation des autres<\/em><a href=\"https:\/\/famvin.org\/fr\/2018\/11\/20\/lettre-de-lavent-2018-a-la-famille-vincentienne-par-le-p-tomaz-mavric-cm\/#_ftn18\">[18]<\/a>.<\/p>\n<p>Peu de saints ont \u00e9t\u00e9 aussi actifs que saint Vincent, mais son action d\u00e9coulait de sa profonde immersion en Dieu, en J\u00e9sus. Quelle chance nous avons d\u2019avoir un Fondateur aussi extraordinaire\u00a0!<\/p>\n<p>Que Dieu vous comble de ses b\u00e9n\u00e9dictions durant ce temps de l\u2019Avent.<\/p>\n<p>Votre fr\u00e8re en Saint Vincent,<\/p>\n<p><em>Toma\u017e Mavri\u010d, CM<br \/>\nSup\u00e9rieur g\u00e9n\u00e9ral<\/em><\/p>\n<p>&nbsp;<br \/>\n<a href=\"https:\/\/ssvp.ca\/wp-content\/uploads\/2021\/11\/december-2018-f.pdf\" target=\"_blank\" rel=\"noopener\">R\u00e9flexion-spirituelle-d\u00e9cembre-2018<\/a><\/p>\n","protected":false},"excerpt":{"rendered":"<p>Dans la lettre de l\u2019Avent de cette ann\u00e9e, le P. Toma\u017e Mavri\u010d, CM, 24\u00e8me successeur de saint Vincent, nous invite \u00e0 approfondir l\u2019exemple de saint Vincent de Paul, en abordant l\u2019une des sources principales dans lesquelles Vincent boit comme un mystique de la Charit\u00e9, la pri\u00e8re quotidienne : \u00ab\u00a0Il a exhort\u00e9 tous les groupes qu\u2019il [&hellip;]<\/p>\n","protected":false},"featured_media":0,"template":"","publication-category":[],"class_list":["post-11017","publications","type-publications","status-publish","hentry"],"acf":[],"_links":{"self":[{"href":"https:\/\/ssvp.ca\/fr\/wp-json\/wp\/v2\/publications\/11017","targetHints":{"allow":["GET"]}}],"collection":[{"href":"https:\/\/ssvp.ca\/fr\/wp-json\/wp\/v2\/publications"}],"about":[{"href":"https:\/\/ssvp.ca\/fr\/wp-json\/wp\/v2\/types\/publications"}],"wp:attachment":[{"href":"https:\/\/ssvp.ca\/fr\/wp-json\/wp\/v2\/media?parent=11017"}],"wp:term":[{"taxonomy":"publication-category","embeddable":true,"href":"https:\/\/ssvp.ca\/fr\/wp-json\/wp\/v2\/publication-category?post=11017"}],"curies":[{"name":"wp","href":"https:\/\/api.w.org\/{rel}","templated":true}]}}