{"id":9312,"date":"2021-10-25T13:12:02","date_gmt":"2021-10-25T13:12:02","guid":{"rendered":"https:\/\/ssvp.ca\/members\/publications\/newsletter-archive\/"},"modified":"2021-11-11T16:56:08","modified_gmt":"2021-11-11T16:56:08","slug":"archives-des-bulletins-dinformation","status":"publish","type":"members","link":"https:\/\/ssvp.ca\/fr\/members\/publications\/archives-des-bulletins-dinformation\/","title":{"rendered":"Archives des bulletins d&rsquo;information"},"content":{"rendered":"\t\t<div data-elementor-type=\"wp-post\" data-elementor-id=\"9312\" class=\"elementor elementor-9312 elementor-6371\" data-elementor-post-type=\"members\">\n\t\t\t\t\t\t<section class=\"elementor-section elementor-top-section elementor-element elementor-element-9c05fbe elementor-section-boxed elementor-section-height-default elementor-section-height-default\" data-id=\"9c05fbe\" data-element_type=\"section\" data-e-type=\"section\" data-settings=\"{&quot;jet_parallax_layout_list&quot;:[{&quot;jet_parallax_layout_image&quot;:{&quot;url&quot;:&quot;&quot;,&quot;id&quot;:&quot;&quot;,&quot;size&quot;:&quot;&quot;},&quot;_id&quot;:&quot;6a6933e&quot;,&quot;jet_parallax_layout_image_tablet&quot;:{&quot;url&quot;:&quot;&quot;,&quot;id&quot;:&quot;&quot;,&quot;size&quot;:&quot;&quot;},&quot;jet_parallax_layout_image_mobile&quot;:{&quot;url&quot;:&quot;&quot;,&quot;id&quot;:&quot;&quot;,&quot;size&quot;:&quot;&quot;},&quot;jet_parallax_layout_speed&quot;:{&quot;unit&quot;:&quot;%&quot;,&quot;size&quot;:50,&quot;sizes&quot;:[]},&quot;jet_parallax_layout_type&quot;:&quot;scroll&quot;,&quot;jet_parallax_layout_direction&quot;:&quot;1&quot;,&quot;jet_parallax_layout_fx_direction&quot;:null,&quot;jet_parallax_layout_z_index&quot;:&quot;&quot;,&quot;jet_parallax_layout_bg_x&quot;:50,&quot;jet_parallax_layout_bg_x_tablet&quot;:&quot;&quot;,&quot;jet_parallax_layout_bg_x_mobile&quot;:&quot;&quot;,&quot;jet_parallax_layout_bg_y&quot;:50,&quot;jet_parallax_layout_bg_y_tablet&quot;:&quot;&quot;,&quot;jet_parallax_layout_bg_y_mobile&quot;:&quot;&quot;,&quot;jet_parallax_layout_bg_size&quot;:&quot;auto&quot;,&quot;jet_parallax_layout_bg_size_tablet&quot;:&quot;&quot;,&quot;jet_parallax_layout_bg_size_mobile&quot;:&quot;&quot;,&quot;jet_parallax_layout_animation_prop&quot;:&quot;transform&quot;,&quot;jet_parallax_layout_on&quot;:[&quot;desktop&quot;,&quot;tablet&quot;]}]}\">\n\t\t\t\t\t\t<div class=\"elementor-container elementor-column-gap-default\">\n\t\t\t\t\t<div class=\"elementor-column elementor-col-100 elementor-top-column elementor-element elementor-element-a478856\" data-id=\"a478856\" data-element_type=\"column\" data-e-type=\"column\">\n\t\t\t<div class=\"elementor-widget-wrap elementor-element-populated\">\n\t\t\t\t\t\t<div class=\"elementor-element elementor-element-62aa0e9 elementor-widget elementor-widget-text-editor\" data-id=\"62aa0e9\" data-element_type=\"widget\" data-e-type=\"widget\" data-widget_type=\"text-editor.default\">\n\t\t\t\t<div class=\"elementor-widget-container\">\n\t\t\t\t\t\t\t\t\t<h4>Mars 2021 &#8211; \u00c9dition Conseil r\u00e9gional C.-B. et Yukon<\/h4>\n<p><a href=\"https:\/\/ssvp.ca\/wp-content\/uploads\/2021\/10\/vp-2021-03-f.pdf\" target=\"_blank\" rel=\"noopener\">Vincenpaul fran\u00e7ais\u00a0Vol5\u00a0No3<br \/>\n<\/a><a href=\"https:\/\/ssvp.ca\/wp-content\/uploads\/2021\/10\/vp-2021-03-no-photo-f.pdf\" target=\"_blank\" rel=\"noopener\">Vincenpaul fran\u00e7ais\u00a0Vol5\u00a0No3<\/a>\u00a0(Version pour imprimer)<\/p>\n<h4>F\u00e9vrier 2021 &#8211; Justice Sociale<\/h4>\n<p><a href=\"https:\/\/ssvp.ca\/wp-content\/uploads\/2021\/10\/vp-2021-02-f.pdf\" target=\"_blank\" rel=\"noopener\">Vincenpaul fran\u00e7ais\u00a0Vol5\u00a0No2\u00a0<\/a><br \/>\n<a href=\"https:\/\/ssvp.ca\/wp-content\/uploads\/2021\/10\/vp-2021-02-no-photo-f.pdf\" target=\"_blank\" rel=\"noopener\">Vincenpaul fran\u00e7ais\u00a0Vol5\u00a0No2<\/a>\u00a0 \u00a0 (Version pour imprimer)<\/p>\n<h4>Janvier 2021 &#8211; \u00c9dition du Conseil r\u00e9gional de l&rsquo;Ontario<\/h4>\n<p><a href=\"https:\/\/ssvp.ca\/wp-content\/uploads\/2021\/10\/vp-2021-01-f.pdf\" target=\"_blank\" rel=\"noopener\">Vincenpaul fran\u00e7ais\u00a0Vol5\u00a0No1\u00a0<\/a><br \/>\n<a href=\"https:\/\/ssvp.ca\/wp-content\/uploads\/2021\/10\/vp-2021-01-no-photo-f.pdf\" target=\"_blank\" rel=\"noopener\">Vincenpaul fran\u00e7ais Vol5 No1<\/a>\u00a0 \u00a0 (Version pour imprimer)<\/p>\n<h4>D\u00e9cembre 2020 &#8211; \u00c9dition du Conseil r\u00e9gional de l&rsquo;Atlantique<\/h4>\n<p><a href=\"https:\/\/ssvp.ca\/wp-content\/uploads\/2021\/10\/vp-2020-12-f.pdf\" target=\"_blank\" rel=\"noopener\">Vincenpaul fran\u00e7ais Vol4 No9<\/a><br \/>\n<a href=\"https:\/\/ssvp.ca\/wp-content\/uploads\/2021\/10\/vp-2020-12-no-photo-f.pdf\" target=\"_blank\" rel=\"noopener\">Vincenpaul fran\u00e7ais Vol4 No9<\/a>\u00a0 \u00a0 (Version pour imprimer)<\/p>\n<h4>Novembre 2020 &#8211; \u00c9dition du Conseil r\u00e9gional de l&rsquo;Ouest<\/h4>\n<p><a href=\"https:\/\/ssvp.ca\/wp-content\/uploads\/2021\/10\/vp-2020-11-f.pdf\" target=\"_blank\" rel=\"noopener\">Vincenpaul fran\u00e7ais Vol4 No8<\/a><br \/>\n<a href=\"https:\/\/ssvp.ca\/wp-content\/uploads\/2021\/10\/vp-2020-11-no-photo-f.pdf\" target=\"_blank\" rel=\"noopener\">Vincenpaul fran\u00e7ais Vol4 No8<\/a>\u00a0 \u00a0 (Version pour imprimer)<\/p>\n<h4>Octobre 2020 &#8211; \u00c9dition Justice Sociale<\/h4>\n<p><a href=\"https:\/\/ssvp.ca\/wp-content\/uploads\/2021\/10\/vp-2020-10-f.pdf\" target=\"_blank\" rel=\"noopener\">Vincenpaul fran\u00e7ais Vol4 No7<\/a>\u00a0 \u00a0 (mise \u00e0 jour 2020-10-16)<br \/>\n<a href=\"https:\/\/ssvp.ca\/wp-content\/uploads\/2021\/10\/vp-2020-10-no-photo-f.pdf\" target=\"_blank\" rel=\"noopener\">Vincenpaul fran\u00e7ais Vol4 No7<\/a>\u00a0 \u00a0 (Version pour imprimer) (mise \u00e0 jour 2020-10-16)<\/p>\n<h4>Septembre 2020 &#8211; \u00c9dition Conseil national<\/h4>\n<p><a href=\"https:\/\/ssvp.ca\/wp-content\/uploads\/2021\/10\/vp-2020-09-f.pdf\" target=\"_blank\" rel=\"noopener\">Vincenpaul fran\u00e7ais\u00a0Vol4\u00a0No6<\/a>\u00a0 \u00a0 (mise \u00e0 jour 2020-09-10)<br \/>\n<a href=\"https:\/\/ssvp.ca\/wp-content\/uploads\/2021\/10\/vp-2020-09-no-photo-f.pdf\" target=\"_blank\" rel=\"noopener\">Vincenpaul fran\u00e7ais Vol4 No6<\/a>\u00a0 \u00a0 (Version pour imprimer) (mise \u00e0 jour 2020-09-10)<\/p>\n<h4>Mai 2020 &#8211; \u00c9dition Conseil national<\/h4>\n<p><a href=\"https:\/\/ssvp.ca\/wp-content\/uploads\/2021\/10\/vp-2020-05-f.pdf\" target=\"_blank\" rel=\"noopener\">Vincenpaul fran\u00e7ais\u00a0Vol4\u00a0No5<\/a>\u00a0 \u00a0 (mise \u00e0 jour 2020-05-11)<br \/>\n<a href=\"https:\/\/ssvp.ca\/wp-content\/uploads\/2021\/10\/vp-2020-05-no-photo-f.pdf\" target=\"_blank\" rel=\"noopener\">Vincenpaul fran\u00e7ais\u00a0Vol4\u00a0No5<\/a>\u00a0 \u00a0 (Version pour imprimer) (mise \u00e0 jour 2020-05-11)<\/p>\n<h4>Avril 2020 &#8211; \u00c9dition Conseil r\u00e9gional du Qu\u00e9bec<\/h4>\n<p><a href=\"https:\/\/ssvp.ca\/wp-content\/uploads\/2021\/10\/vp-2020-04-f.pdf\" target=\"_blank\" rel=\"noopener\">Vincenpaul fran\u00e7ais Vol4 No4<\/a>\u00a0 \u00a0 (mise \u00e0 jour 2020-04-15)<br \/>\n<a href=\"https:\/\/ssvp.ca\/wp-content\/uploads\/2021\/10\/vp-2020-04-no-photo-f.pdf\" target=\"_blank\" rel=\"noopener\">Vincenpaul fran\u00e7ais\u00a0Vol4\u00a0No4<\/a>\u00a0 \u00a0 (Version pour imprimer) (mise \u00e0 jour 2020-04-15)<\/p>\n<h4>Mars 2020\u00a0&#8211; \u00c9dition Conseil r\u00e9gional C.-B. et Yukon<\/h4>\n<p><a href=\"https:\/\/ssvp.ca\/wp-content\/uploads\/2021\/10\/vp-2020-03-fr.pdf\" target=\"_blank\" rel=\"noopener\">Vincenpaul fran\u00e7ais Vol4 No3<\/a>\u00a0 \u00a0 (mise \u00e0 jour 2020-03-10)<br \/>\n<a href=\"https:\/\/ssvp.ca\/wp-content\/uploads\/2021\/10\/vp-2020-03-no-photo-f.pdf\" target=\"_blank\" rel=\"noopener\">Vincenpaul fran\u00e7ais\u00a0Vol4\u00a0No3<\/a>\u00a0 \u00a0 (Version pour imprimer) (mise \u00e0 jour 2020-03-10)<\/p>\n<h4>F\u00e9vrier 2020\u00a0&#8211; \u00c9dition Justice Sociale<\/h4>\n<p><a href=\"https:\/\/ssvp.ca\/wp-content\/uploads\/2021\/10\/vp-2020-02-f.pdf\" target=\"_blank\" rel=\"noopener\">Vincenpaul fran\u00e7ais Vol4 No2<\/a>\u00a0 \u00a0 (mise \u00e0 jour 2020-02-10)<br \/>\n<a href=\"https:\/\/ssvp.ca\/wp-content\/uploads\/2021\/10\/vp-2020-02-no-photo-f.pdf\" target=\"_blank\" rel=\"noopener\">Vincenpaul fran\u00e7ais\u00a0Vol4\u00a0No2<\/a>\u00a0 \u00a0 (Version pour imprimer) (mise \u00e0 jour 2020-02-10)<\/p>\n<h4>Janvier 2020\u00a0&#8211; \u00c9dition du Conseil r\u00e9gional de l&rsquo;Ontario<\/h4>\n<p><a href=\"https:\/\/ssvp.ca\/wp-content\/uploads\/2021\/10\/vp-2020-01-f.pdf\" target=\"_blank\" rel=\"noopener\">Vincenpaul fran\u00e7ais\u00a0Vol4\u00a0No1<\/a>\u00a0(mise \u00e0 jour 2020-01-14)<br \/>\n<a href=\"https:\/\/ssvp.ca\/wp-content\/uploads\/2021\/11\/vp-2020-01-no-photo-f.pdf\" target=\"_blank\" rel=\"noopener\">Vincenpaul fran\u00e7ais\u00a0Vol4\u00a0No1\u00a0<\/a>(Version pour imprimer)\u00a0(mise \u00e0 jour 2020-01-14)<\/p>\n<h4>D\u00e9cembre 2019\u00a0&#8211; \u00c9dition du Conseil r\u00e9gional Atlantique<\/h4>\n<p><a href=\"https:\/\/ssvp.ca\/wp-content\/uploads\/2021\/10\/vp-2019-12-fr.pdf\" target=\"_blank\" rel=\"noopener\">Vincenpaul fran\u00e7ais\u00a0Vol3\u00a0No9<\/a>\u00a0 \u00a0 (mise \u00e0 jour 2019-12-10)<br \/>\n<a href=\"https:\/\/ssvp.ca\/wp-content\/uploads\/2021\/10\/vp-2019-12-no-photo-f.pdf\" target=\"_blank\" rel=\"noopener\">Vincenpaul fran\u00e7ais\u00a0Vol3\u00a0No9\u00a0(Version pour imprimer)<\/a>\u00a0 \u00a0 (mise \u00e0 jour 2019-12-10)<\/p>\n<h4>Novembre 2019\u00a0&#8211; \u00c9dition du Conseil r\u00e9gional de l&rsquo;Ouest<\/h4>\n<p><a href=\"https:\/\/ssvp.ca\/wp-content\/uploads\/2021\/10\/vp-2019-11-fr.pdf\" target=\"_blank\" rel=\"noopener\">Vincenpaul fran\u00e7ais\u00a0Vol3\u00a0No8<\/a>\u00a0 \u00a0 (mise \u00e0 jour 2019-11-07)<br \/>\nVincenpaul fran\u00e7ais\u00a0Vol3\u00a0No8\u00a0(Version pour imprimer)(mise \u00e0 jour 2019-11-07)<\/p>\n<h4>Octobre 2019\u00a0&#8211; Justice sociale<\/h4>\n<p><a href=\"https:\/\/ssvp.ca\/wp-content\/uploads\/2021\/10\/vp-2019-10-f.pdf\" target=\"_blank\" rel=\"noopener\">Vincenpaul fran\u00e7ais\u00a0Vol3\u00a0No7<\/a>\u00a0 \u00a0 (mise \u00e0 jour 2019-10-10)<br \/>\n<a href=\"https:\/\/ssvp.ca\/wp-content\/uploads\/2021\/10\/vp-2019-10-no-photo-f.pdf\" target=\"_blank\" rel=\"noopener\">Vincenpaul fran\u00e7ais Vol3 No7 (Version pour imprimer)<\/a>\u00a0 \u00a0(mise \u00e0 jour 2019-10-10)<\/p>\n<h4>Septembre 2019\u00a0&#8211; \u00c9dition du Conseil national<\/h4>\n<p><a href=\"https:\/\/ssvp.ca\/wp-content\/uploads\/2021\/10\/vp-2019-09-f.pdf\" target=\"_blank\" rel=\"noopener\">Vincenpaul fran\u00e7ais\u00a0Vol3\u00a0No6<\/a>\u00a0 \u00a0 (mise \u00e0 jour 2019-09-11)<br \/>\n<a href=\"https:\/\/ssvp.ca\/wp-content\/uploads\/2021\/10\/vp-2019-09-no-photo-f.pdf\" target=\"_blank\" rel=\"noopener\">Vincenpaul fran\u00e7ais\u00a0Vol3\u00a0No6\u00a0(Version pour imprimer)<\/a>\u00a0 \u00a0 (mise \u00e0 jour 2019-09-11)<\/p>\n<h4>Juin 2019\u00a0&#8211; Rapport Annuel<\/h4>\n<p><a href=\"https:\/\/ssvp.ca\/wp-content\/uploads\/2021\/10\/ssvp-an-rep-2019-web-fr.pdf\" target=\"_blank\" rel=\"noopener\">Vincenpaul fran\u00e7ais<\/a>\u00a0 \u00a0 (mise \u00e0 jour 2019-06-27)<\/p>\n<h4>Mai 2019\u00a0&#8211; \u00c9dition du Conseil r\u00e9gional du Qu\u00e9bec<\/h4>\n<p><a href=\"https:\/\/ssvp.ca\/wp-content\/uploads\/2021\/10\/vp-2019-05-fr.pdf\" target=\"_blank\" rel=\"noopener\">Vincenpaul fran\u00e7ais\u00a0Vol3\u00a0No5<\/a>\u00a0 \u00a0 (mise \u00e0 jour 2019-05-15)<br \/>\n<a href=\"https:\/\/ssvp.ca\/wp-content\/uploads\/2021\/10\/vp-2019-05-no-photo-f.pdf\" target=\"_blank\" rel=\"noopener\">Vincenpaul fran\u00e7ais\u00a0Vol3\u00a0No5\u00a0(Version pour imprimer)<\/a>\u00a0 \u00a0 (mise \u00e0 jour 2019-05-15)<\/p>\n<h4>Avril 2019\u00a0&#8211; Formation\/AGA<\/h4>\n<p><a href=\"https:\/\/ssvp.ca\/wp-content\/uploads\/2021\/10\/vp-2019-04-f2-.pdf\" target=\"_blank\" rel=\"noopener\">Vincenpaul fran\u00e7ais\u00a0Vol3\u00a0No4<\/a>\u00a0 \u00a0 (mise \u00e0 jour 2019-04-18)<br \/>\n<a href=\"https:\/\/ssvp.ca\/wp-content\/uploads\/2021\/10\/vp-2019-04-no-photo-f2.pdf\" target=\"_blank\" rel=\"noopener\">Vincenpaul fran\u00e7ais\u00a0Vol3\u00a0No4\u00a0(Version pour imprimer)<\/a>\u00a0 \u00a0 (mise \u00e0 jour 2019-04-18)<\/p>\n<h4>Mars 2019 &#8211; \u00c9dition du Conseil r\u00e9gional Colombie-Britannique et Yukon<\/h4>\n<p><a href=\"https:\/\/ssvp.ca\/wp-content\/uploads\/2021\/10\/vp-2019-03-fra.pdf\" target=\"_blank\" rel=\"noopener\">Vincenpaul fran\u00e7ais\u00a0Vol3\u00a0No3<\/a><br \/>\n<a href=\"https:\/\/ssvp.ca\/wp-content\/uploads\/2021\/10\/vp-2019-03-no-photo-f.pdf\" target=\"_blank\" rel=\"noopener\">Vincenpaul fran\u00e7ais Vol3 No3 (Version pour imprimer)<\/a><\/p>\n<h4>F\u00e9vrier 2019\u00a0&#8211; Justice sociale<\/h4>\n<p><a href=\"https:\/\/ssvp.ca\/wp-content\/uploads\/2021\/10\/vp-2019-02-f.pdf\">Vincenpaul fran\u00e7ais\u00a0Vol3\u00a0No2<\/a><br \/>\n<a href=\"https:\/\/ssvp.ca\/wp-content\/uploads\/2021\/10\/vp-2019-02-no-photo-f.pdf\">Vincenpaul fran\u00e7ais\u00a0Vol3\u00a0No2\u00a0(Version pour imprimer)<\/a><\/p>\n<h4>Janvier 2019\u00a0&#8211; \u00c9dition du Conseil r\u00e9gional de l&rsquo;Ontario<\/h4>\n<p><a href=\"https:\/\/ssvp.ca\/wp-content\/uploads\/2021\/10\/vp-2019-01-f.pdf\">Vincenpaul fran\u00e7ais\u00a0Vol3\u00a0No1<\/a><br \/>\n<a href=\"https:\/\/ssvp.ca\/wp-content\/uploads\/2021\/10\/vp-2019-01-no-photo-f.pdf\">Vincenpaul fran\u00e7ais Vol3 No1 (Version pour imprimer)<\/a><\/p>\n<h4>D\u00e9cembre 2018\u00a0&#8211; Formation<\/h4>\n<p><a href=\"https:\/\/ssvp.ca\/wp-content\/uploads\/2021\/10\/vp-2018-12-f.pdf\">Vincenpaul fran\u00e7ais\u00a0Vol2\u00a0No10<\/a><br \/>\n<a href=\"https:\/\/ssvp.ca\/wp-content\/uploads\/2021\/10\/vp-2018-12-no-photo-f.pdf\">Vincenpaul fran\u00e7ais Vol2 No10 (Version pour imprimer)<\/a><\/p>\n<h4>Novembre 2018\u00a0&#8211; \u00c9dition du Conseil r\u00e9gional de l&rsquo;Ouest<\/h4>\n<p><a href=\"https:\/\/ssvp.ca\/wp-content\/uploads\/2021\/10\/vp-2018-11-f.pdf\">Vincenpaul fran\u00e7ais\u00a0Vol2\u00a0No9<\/a><br \/>\n<a href=\"https:\/\/ssvp.ca\/wp-content\/uploads\/2021\/10\/vp-2018-11-no-photo-f.pdf\">Vincenpaul fran\u00e7ais\u00a0Vol2\u00a0No9\u00a0(Version pour imprimer)<\/a><\/p>\n<h4>Octobre 2018\u00a0&#8211; Justice sociale<\/h4>\n<p><a href=\"https:\/\/ssvp.ca\/wp-content\/uploads\/2021\/10\/vp-2018-10-f.pdf\">Vincenpaul fran\u00e7ais Vol2 No8<\/a><br \/>\n<a href=\"https:\/\/ssvp.ca\/wp-content\/uploads\/2021\/10\/vp-2018-10-no-photo-f.pdf\">Vincenpaul fran\u00e7ais Vol2 No8 (Version pour imprimer)<\/a><\/p>\n<h4>Septembre 2018\u00a0&#8211; \u00c9dition du Conseil r\u00e9gional de l&rsquo;Atlantique<\/h4>\n<p><a href=\"https:\/\/ssvp.ca\/wp-content\/uploads\/2021\/10\/vp-2018-09-f.pdf\">Vincenpaul fran\u00e7ais Vol2 No7<\/a><br \/>\n<a href=\"https:\/\/ssvp.ca\/wp-content\/uploads\/2021\/10\/vp-2018-09-no-photo-f.pdf\">Vincenpaul fran\u00e7ais Vol2 No7 (Version pour imprimer)<\/a><\/p>\n<h4>Juin 2018\u00a0&#8211;\u00a0Justice sociale<\/h4>\n<p><a href=\"https:\/\/ssvp.ca\/wp-content\/uploads\/2021\/10\/vp-2018-06-fr.pdf\">Vincenpaul fran\u00e7ais\u00a0Vol2\u00a0No6<\/a><br \/>\n<a href=\"https:\/\/ssvp.ca\/wp-content\/uploads\/2021\/10\/vp-2018-06-no-photo-f.pdf\">Vincenpaul fran\u00e7ais Vol2 No6 (Version pour imprimer)<\/a><\/p>\n<h4>Mai 2018\u00a0&#8211; \u00c9dition du Conseil r\u00e9gional de l&rsquo;Atlantique<\/h4>\n<p><a href=\"https:\/\/ssvp.ca\/wp-content\/uploads\/2021\/10\/vp-2018-05-fr_-correction.pdf\">Vincenpaul fran\u00e7ais\u00a0Vol2\u00a0No5<\/a><br \/>\n<a href=\"https:\/\/ssvp.ca\/wp-content\/uploads\/2021\/10\/vp-2018-05-no-photo-f-correction.pdf\">Vincenpaul fran\u00e7ais\u00a0Vol2\u00a0No5\u00a0(Version pour imprimer)<\/a><\/p>\n<h4>Avril 2018\u00a0&#8211; Formation<\/h4>\n<p><a href=\"https:\/\/ssvp.ca\/wp-content\/uploads\/2021\/10\/vp-2018-04-fr.pdf\">Vincenpaul fran\u00e7ais\u00a0Vol2\u00a0No4<\/a><br \/>\n<a href=\"https:\/\/ssvp.ca\/wp-content\/uploads\/2021\/10\/vp-2018-04-no-photo-f.pdf\">Vincenpaul fran\u00e7ais\u00a0Vol2\u00a0No4\u00a0(Version pour imprimer)<\/a><\/p>\n<h4>Mars 2018\u00a0&#8211; \u00c9dition du Conseil r\u00e9gional Colombie-Britannique et Yukon<\/h4>\n<p><a href=\"https:\/\/ssvp.ca\/wp-content\/uploads\/2021\/10\/vp-2018-03-fr.pdf\">Vincenpaul fran\u00e7ais Vol2 No3<\/a><br \/>\n<a href=\"https:\/\/ssvp.ca\/wp-content\/uploads\/2021\/10\/vp-2018-03-no-photo-f.pdf\">Vincenpaul fran\u00e7ais\u00a0Vol2\u00a0No3 (Version pour imprimer)<\/a><\/p>\n<h4>F\u00e9vrier\u00a02018\u00a0&#8211; Justice sociale<\/h4>\n<p><a href=\"https:\/\/ssvp.ca\/wp-content\/uploads\/2021\/10\/vp-2018-february-version_2-fr.pdf\">Vincenpaul fran\u00e7ais\u00a0Vol2\u00a0No2 -version 2<\/a><br \/>\n<a href=\"https:\/\/ssvp.ca\/wp-content\/uploads\/2021\/10\/vp-2018-february-no-photo-version_2-f.pdf\">Vincenpaul fran\u00e7ais\u00a0Vol2\u00a0No2 -version 2 (Version pour imprimer)<\/a><\/p>\n<p><em><strong>Correction:<\/strong>\u00a0<\/em><em><strong>Vincenpaul Vol2 No2 -version 1-\u00a0<\/strong>Dans l&rsquo;article intitul\u00e9 \u00abPourquoi ne se trouvent-ils pas un emploi ?\u00bb On a dit \u00e0 tort que les employeurs \u00e9taient exempt\u00e9s de payer les cotisations au RPC et \u00e0 l&rsquo;AE au nom des travailleurs \u00e0 temps partiel. Si un travailleur est un employ\u00e9 d&rsquo;une entreprise, l&#8217;employeur est tenu de d\u00e9duire la part de l&#8217;employ\u00e9 et de payer la part de l&#8217;employeur de ces avantages.<\/em><\/p>\n<h4>Janvier 2018\u00a0&#8211; \u00c9dition du Conseil r\u00e9gional du Qu\u00e9bec<\/h4>\n<p><a href=\"https:\/\/ssvp.ca\/wp-content\/uploads\/2021\/10\/vp-2018-01-janvier-fr.pdf\">Vincenpaul fran\u00e7ais\u00a0Vol2\u00a0No1<\/a><br \/>\n<a href=\"https:\/\/ssvp.ca\/wp-content\/uploads\/2021\/10\/vp-2018-01-janvier-f-no-photo.pdf\">Vincenpaul fran\u00e7ais\u00a0Vol2\u00a0No1\u00a0(Version pour imprimer)<\/a><\/p>\n<h4>D\u00e9cembre 2017 &#8211; Formation<\/h4>\n<p><a href=\"https:\/\/ssvp.ca\/wp-content\/uploads\/2021\/10\/vp-2017-12-f-r.pdf\">Vincenpaul fran\u00e7ais\u00a0Vol1 No6<\/a><br \/>\n<a href=\"https:\/\/ssvp.ca\/wp-content\/uploads\/2021\/10\/vp-2017-12-f-no-photo.pdf\">Vincenpaul fran\u00e7ais\u00a0Vol1 No6\u00a0(Version pour imprimer)<\/a><\/p>\n<h4>Novembre 2017 &#8211; \u00c9dition du Conseil r\u00e9gional de l&rsquo;Ouest<\/h4>\n<p><a href=\"https:\/\/ssvp.ca\/wp-content\/uploads\/2021\/10\/vp-2017-11-fr.pdf\">Vincenpaul fran\u00e7ais\u00a0Vol1 No5<\/a><br \/>\n<a href=\"https:\/\/ssvp.ca\/wp-content\/uploads\/2021\/10\/vp-2017-11-no-photo-fr.pdf\">Vincenpaul fran\u00e7ais\u00a0Vol1 No5\u00a0(Version pour imprimer)<\/a><\/p>\n<h4>Octobre 2017 &#8211; Justice sociale<\/h4>\n<p><a href=\"https:\/\/ssvp.ca\/wp-content\/uploads\/2021\/10\/vp-2017-10-fr.pdf\">Vincenpaul fran\u00e7ais Vol1 No4<\/a><br \/>\n<a href=\"https:\/\/ssvp.ca\/wp-content\/uploads\/2021\/10\/vp-2017-10-no-photo-fr.pdf\">Vincenpaul fran\u00e7ais\u00a0Vol1 No4\u00a0(Version pour imprimer)<\/a><\/p>\n<h4>Septembre 2017 &#8211; \u00c9dition de l&rsquo;Ontario<\/h4>\n<p><a href=\"https:\/\/ssvp.ca\/wp-content\/uploads\/2021\/10\/vp-vol1_no3_septembre_2017-fr.pdf\">Vincenpaul fran\u00e7ais Vol1 No3<\/a><br \/>\n<a href=\"https:\/\/ssvp.ca\/wp-content\/uploads\/2021\/10\/vp-vol1_no3_septembre_2017-no-photo-f.pdf\">Vincenpaul fran\u00e7ais\u00a0Vol1 No3\u00a0(Version pour imprimer)<\/a><\/p>\n<h4>Juin 2017 &#8211; Justice sociale<\/h4>\n<p><a href=\"https:\/\/ssvp.ca\/wp-content\/uploads\/2021\/10\/vincenpaul_justice_sociale_franco_vol1_no2-r.pdf\">Vincenpaul fran\u00e7ais Vol1 No2<\/a><br \/>\n<a href=\"https:\/\/ssvp.ca\/wp-content\/uploads\/2021\/10\/vincenpaul_justice_sociale_franco_vol1_no2_sans_image-r.pdf\">Vincenpaul fran\u00e7ais\u00a0Vol1 No2\u00a0(Version pour imprimer)<\/a><\/p>\n<h4>Mai 2017<\/h4>\n<p><a href=\"https:\/\/ssvp.ca\/wp-content\/uploads\/2021\/10\/vincenpaul_francais_vol1_no1_05-2017.pdf\">Vincenpaul fran\u00e7ais\u00a0Vol1 No1<\/a><br \/>\n<a href=\"https:\/\/ssvp.ca\/wp-content\/uploads\/2021\/10\/vincenpaul_francais_vol1_no1_sans_image_05-2017r.pdf\">Vincenpaul fran\u00e7ais\u00a0Vol1 No1 (Version pour imprimer)<\/a><\/p>\n\t\t\t\t\t\t\t\t<\/div>\n\t\t\t\t<\/div>\n\t\t\t\t\t<\/div>\n\t\t<\/div>\n\t\t\t\t\t<\/div>\n\t\t<\/section>\n\t\t\t\t<\/div>\n\t\t","protected":false},"excerpt":{"rendered":"<p>Mars 2021 &#8211; \u00c9dition Conseil r\u00e9gional C.-B. et Yukon Vincenpaul fran\u00e7ais\u00a0Vol5\u00a0No3 Vincenpaul fran\u00e7ais\u00a0Vol5\u00a0No3\u00a0(Version pour imprimer) F\u00e9vrier 2021 &#8211; Justice Sociale Vincenpaul fran\u00e7ais\u00a0Vol5\u00a0No2\u00a0 Vincenpaul fran\u00e7ais\u00a0Vol5\u00a0No2\u00a0 \u00a0 (Version pour imprimer) Janvier 2021 &#8211; \u00c9dition du Conseil r\u00e9gional de l&rsquo;Ontario Vincenpaul fran\u00e7ais\u00a0Vol5\u00a0No1\u00a0 Vincenpaul fran\u00e7ais Vol5 No1\u00a0 \u00a0 (Version pour imprimer) D\u00e9cembre 2020 &#8211; \u00c9dition du Conseil r\u00e9gional de [&hellip;]<\/p>\n","protected":false},"featured_media":0,"parent":9111,"menu_order":0,"template":"","class_list":["post-9312","members","type-members","status-publish","hentry"],"acf":[],"_links":{"self":[{"href":"https:\/\/ssvp.ca\/fr\/wp-json\/wp\/v2\/members\/9312","targetHints":{"allow":["GET"]}}],"collection":[{"href":"https:\/\/ssvp.ca\/fr\/wp-json\/wp\/v2\/members"}],"about":[{"href":"https:\/\/ssvp.ca\/fr\/wp-json\/wp\/v2\/types\/members"}],"version-history":[{"count":0,"href":"https:\/\/ssvp.ca\/fr\/wp-json\/wp\/v2\/members\/9312\/revisions"}],"up":[{"embeddable":true,"href":"https:\/\/ssvp.ca\/fr\/wp-json\/wp\/v2\/members\/9111"}],"wp:attachment":[{"href":"https:\/\/ssvp.ca\/fr\/wp-json\/wp\/v2\/media?parent=9312"}],"curies":[{"name":"wp","href":"https:\/\/api.w.org\/{rel}","templated":true}]}}